{"id":8236,"date":"2007-07-27T11:08:00","date_gmt":"2007-07-27T09:08:00","guid":{"rendered":"https:\/\/chdr-ns.com\/publications\/"},"modified":"2025-09-30T14:28:56","modified_gmt":"2025-09-30T12:28:56","slug":"publications","status":"publish","type":"page","link":"https:\/\/chdr-ns.com\/en\/publications\/","title":{"rendered":"Publications"},"content":{"rendered":"\t\t<div data-elementor-type=\"wp-page\" data-elementor-id=\"8236\" class=\"elementor elementor-8236 elementor-3410\" data-elementor-post-type=\"page\">\n\t\t\t\t\t\t<section class=\"elementor-section elementor-top-section elementor-element elementor-element-1ad9b87 elementor-section-height-min-height elementor-section-items-stretch elementor-section-content-middle elementor-section-boxed elementor-section-height-default\" data-id=\"1ad9b87\" data-element_type=\"section\" data-settings=\"{&quot;background_background&quot;:&quot;classic&quot;,&quot;shape_divider_bottom&quot;:&quot;opacity-tilt&quot;}\">\n\t\t\t\t\t<div class=\"elementor-shape elementor-shape-bottom\" aria-hidden=\"true\" data-negative=\"false\">\n\t\t\t<svg xmlns=\"http:\/\/www.w3.org\/2000\/svg\" viewBox=\"0 0 2600 131.1\" preserveAspectRatio=\"none\">\n\t<path class=\"elementor-shape-fill\" d=\"M0 0L2600 0 2600 69.1 0 0z\"\/>\n\t<path class=\"elementor-shape-fill\" style=\"opacity:0.5\" d=\"M0 0L2600 0 2600 69.1 0 69.1z\"\/>\n\t<path class=\"elementor-shape-fill\" style=\"opacity:0.25\" d=\"M2600 0L0 0 0 130.1 2600 69.1z\"\/>\n<\/svg>\t\t<\/div>\n\t\t\t\t\t<div class=\"elementor-container elementor-column-gap-default\">\n\t\t\t\t\t<div class=\"elementor-column elementor-col-50 elementor-top-column elementor-element elementor-element-74e0302\" data-id=\"74e0302\" data-element_type=\"column\">\n\t\t\t<div class=\"elementor-widget-wrap elementor-element-populated\">\n\t\t\t\t\t\t<div class=\"elementor-element elementor-element-0743fd6 elementor-widget elementor-widget-heading\" data-id=\"0743fd6\" data-element_type=\"widget\" data-widget_type=\"heading.default\">\n\t\t\t\t<div class=\"elementor-widget-container\">\n\t\t\t\t\t<h1 class=\"elementor-heading-title elementor-size-default\">Publications<\/h1>\t\t\t\t<\/div>\n\t\t\t\t<\/div>\n\t\t\t\t<div class=\"elementor-element elementor-element-adca05a elementor-widget elementor-widget-heading\" data-id=\"adca05a\" data-element_type=\"widget\" data-widget_type=\"heading.default\">\n\t\t\t\t<div class=\"elementor-widget-container\">\n\t\t\t\t\t<span class=\"elementor-heading-title elementor-size-default\">Center for History, Democracy and Reconciliation<\/span>\t\t\t\t<\/div>\n\t\t\t\t<\/div>\n\t\t\t\t\t<\/div>\n\t\t<\/div>\n\t\t\t\t<div class=\"elementor-column elementor-col-50 elementor-top-column elementor-element elementor-element-9537dd7\" data-id=\"9537dd7\" data-element_type=\"column\">\n\t\t\t<div class=\"elementor-widget-wrap elementor-element-populated\">\n\t\t\t\t\t\t<div class=\"elementor-element elementor-element-24de3da elementor-widget elementor-widget-image\" data-id=\"24de3da\" data-element_type=\"widget\" data-widget_type=\"image.default\">\n\t\t\t\t<div class=\"elementor-widget-container\">\n\t\t\t\t\t\t\t\t\t\t\t\t\t\t\t<img fetchpriority=\"high\" decoding=\"async\" width=\"1080\" height=\"1080\" src=\"https:\/\/chdr-ns.com\/wp-content\/uploads\/2023\/03\/CHDR-book.jpg\" class=\"attachment-full size-full wp-image-8258\" alt=\"\" srcset=\"https:\/\/chdr-ns.com\/wp-content\/uploads\/2023\/03\/CHDR-book.jpg 1080w, https:\/\/chdr-ns.com\/wp-content\/uploads\/2023\/03\/CHDR-book-300x300.jpg 300w, https:\/\/chdr-ns.com\/wp-content\/uploads\/2023\/03\/CHDR-book-1024x1024.jpg 1024w, https:\/\/chdr-ns.com\/wp-content\/uploads\/2023\/03\/CHDR-book-150x150.jpg 150w, https:\/\/chdr-ns.com\/wp-content\/uploads\/2023\/03\/CHDR-book-768x768.jpg 768w\" sizes=\"(max-width: 1080px) 100vw, 1080px\" \/>\t\t\t\t\t\t\t\t\t\t\t\t\t\t\t<\/div>\n\t\t\t\t<\/div>\n\t\t\t\t\t<\/div>\n\t\t<\/div>\n\t\t\t\t\t<\/div>\n\t\t<\/section>\n\t\t\t\t<section class=\"elementor-section elementor-top-section elementor-element elementor-element-5dcc98e elementor-section-boxed elementor-section-height-default elementor-section-height-default\" data-id=\"5dcc98e\" data-element_type=\"section\">\n\t\t\t\t\t\t<div class=\"elementor-container elementor-column-gap-default\">\n\t\t\t\t\t<div class=\"elementor-column elementor-col-100 elementor-top-column elementor-element elementor-element-c6374a2\" data-id=\"c6374a2\" data-element_type=\"column\">\n\t\t\t<div class=\"elementor-widget-wrap elementor-element-populated\">\n\t\t\t\t\t\t<div class=\"elementor-element elementor-element-ffeb16a elementor-widget-divider--view-line elementor-invisible elementor-widget elementor-widget-divider\" data-id=\"ffeb16a\" data-element_type=\"widget\" data-settings=\"{&quot;motion_fx_motion_fx_scrolling&quot;:&quot;yes&quot;,&quot;motion_fx_translateX_effect&quot;:&quot;yes&quot;,&quot;motion_fx_translateX_direction&quot;:&quot;negative&quot;,&quot;motion_fx_translateX_speed&quot;:{&quot;unit&quot;:&quot;px&quot;,&quot;size&quot;:0.299999999999999988897769753748434595763683319091796875,&quot;sizes&quot;:[]},&quot;_animation&quot;:&quot;fadeInLeft&quot;,&quot;motion_fx_translateX_affectedRange&quot;:{&quot;unit&quot;:&quot;%&quot;,&quot;size&quot;:&quot;&quot;,&quot;sizes&quot;:{&quot;start&quot;:0,&quot;end&quot;:100}},&quot;motion_fx_devices&quot;:[&quot;desktop&quot;,&quot;tablet&quot;,&quot;mobile&quot;]}\" data-widget_type=\"divider.default\">\n\t\t\t\t<div class=\"elementor-widget-container\">\n\t\t\t\t\t\t\t<div class=\"elementor-divider\">\n\t\t\t<span class=\"elementor-divider-separator\">\n\t\t\t\t\t\t<\/span>\n\t\t<\/div>\n\t\t\t\t\t\t<\/div>\n\t\t\t\t<\/div>\n\t\t\t\t<div class=\"elementor-element elementor-element-876efa1 elementor-widget elementor-widget-heading\" data-id=\"876efa1\" data-element_type=\"widget\" data-widget_type=\"heading.default\">\n\t\t\t\t<div class=\"elementor-widget-container\">\n\t\t\t\t\t<h2 class=\"elementor-heading-title elementor-size-default\">Publications of the Center for History, Democracy and Reconciliation in PDF format  <\/h2>\t\t\t\t<\/div>\n\t\t\t\t<\/div>\n\t\t\t\t<div class=\"elementor-element elementor-element-0fea266 elementor-widget elementor-widget-text-editor\" data-id=\"0fea266\" data-element_type=\"widget\" data-widget_type=\"text-editor.default\">\n\t\t\t\t<div class=\"elementor-widget-container\">\n\t\t\t\t\t\t\t\t\t<p>After each held international meeting, CHDR publishes its publication in the form of a collection of scientific papers.<\/p><p>The publication &#8220;Serbian-Croatian relations in the 20th century&#8221; has been published for 15 years in a row.<\/p><p>We are also publishers of several monographs by a group of authors.<\/p><p>Below you can view and download CHDR publications.<\/p>\t\t\t\t\t\t\t\t<\/div>\n\t\t\t\t<\/div>\n\t\t\t\t\t<\/div>\n\t\t<\/div>\n\t\t\t\t\t<\/div>\n\t\t<\/section>\n\t\t\t\t<section class=\"elementor-section elementor-top-section elementor-element elementor-element-59920ea elementor-section-height-min-height elementor-section-boxed elementor-section-height-default elementor-section-items-middle\" data-id=\"59920ea\" data-element_type=\"section\">\n\t\t\t\t\t\t<div class=\"elementor-container elementor-column-gap-default\">\n\t\t\t\t\t<div class=\"elementor-column elementor-col-100 elementor-top-column elementor-element elementor-element-7480769\" data-id=\"7480769\" data-element_type=\"column\">\n\t\t\t<div class=\"elementor-widget-wrap elementor-element-populated\">\n\t\t\t\t\t\t<div class=\"elementor-element elementor-element-9153428 elementor-widget-divider--view-line elementor-invisible elementor-widget elementor-widget-divider\" data-id=\"9153428\" data-element_type=\"widget\" data-settings=\"{&quot;motion_fx_motion_fx_scrolling&quot;:&quot;yes&quot;,&quot;motion_fx_translateX_effect&quot;:&quot;yes&quot;,&quot;motion_fx_translateX_direction&quot;:&quot;negative&quot;,&quot;motion_fx_translateX_speed&quot;:{&quot;unit&quot;:&quot;px&quot;,&quot;size&quot;:0.299999999999999988897769753748434595763683319091796875,&quot;sizes&quot;:[]},&quot;_animation&quot;:&quot;fadeInLeft&quot;,&quot;motion_fx_translateX_affectedRange&quot;:{&quot;unit&quot;:&quot;%&quot;,&quot;size&quot;:&quot;&quot;,&quot;sizes&quot;:{&quot;start&quot;:0,&quot;end&quot;:100}},&quot;motion_fx_devices&quot;:[&quot;desktop&quot;,&quot;tablet&quot;,&quot;mobile&quot;]}\" data-widget_type=\"divider.default\">\n\t\t\t\t<div class=\"elementor-widget-container\">\n\t\t\t\t\t\t\t<div class=\"elementor-divider\">\n\t\t\t<span class=\"elementor-divider-separator\">\n\t\t\t\t\t\t<\/span>\n\t\t<\/div>\n\t\t\t\t\t\t<\/div>\n\t\t\t\t<\/div>\n\t\t\t\t<div class=\"elementor-element elementor-element-a2ed3ff elementor-position-left elementor-vertical-align-top elementor-widget elementor-widget-image-box\" data-id=\"a2ed3ff\" data-element_type=\"widget\" data-widget_type=\"image-box.default\">\n\t\t\t\t<div class=\"elementor-widget-container\">\n\t\t\t\t\t<div class=\"elementor-image-box-wrapper\"><figure class=\"elementor-image-box-img\"><a href=\"https:\/\/chdr-ns.com\/wp-content\/uploads\/CHDR_SRPSKO_HRVATSKI_ODNOSI_Golubic-2024.pdf\" target=\"_blank\" tabindex=\"-1\"><img decoding=\"async\" width=\"540\" height=\"720\" src=\"https:\/\/chdr-ns.com\/wp-content\/uploads\/Golubic-2024-1.jpg\" class=\"attachment-full size-full wp-image-9179\" alt=\"\" srcset=\"https:\/\/chdr-ns.com\/wp-content\/uploads\/Golubic-2024-1.jpg 540w, https:\/\/chdr-ns.com\/wp-content\/uploads\/Golubic-2024-1-225x300.jpg 225w\" sizes=\"(max-width: 540px) 100vw, 540px\" \/><\/a><\/figure><div class=\"elementor-image-box-content\"><h3 class=\"elementor-image-box-title\"><a href=\"https:\/\/chdr-ns.com\/wp-content\/uploads\/CHDR_SRPSKO_HRVATSKI_ODNOSI_Golubic-2024.pdf\" target=\"_blank\">Serbian-Croatian relations 2024<\/a><\/h3><p class=\"elementor-image-box-description\">Center for History, Democracy and Reconciliation - Novi Sad (Serbia)<br> Association for History, Cooperation and Reconciliation - Obrovac (Croatia)<br> Collection of scientific papers, presented at the international scientific conference on Serbian-Croatian relations, in Golubi\u0107 2024. years.<\/p><\/div><\/div>\t\t\t\t<\/div>\n\t\t\t\t<\/div>\n\t\t\t\t\t<\/div>\n\t\t<\/div>\n\t\t\t\t\t<\/div>\n\t\t<\/section>\n\t\t\t\t<section class=\"elementor-section elementor-top-section elementor-element elementor-element-1738d2b elementor-section-height-min-height elementor-section-boxed elementor-section-height-default elementor-section-items-middle\" data-id=\"1738d2b\" data-element_type=\"section\">\n\t\t\t\t\t\t<div class=\"elementor-container elementor-column-gap-default\">\n\t\t\t\t\t<div class=\"elementor-column elementor-col-100 elementor-top-column elementor-element elementor-element-e224e56\" data-id=\"e224e56\" data-element_type=\"column\">\n\t\t\t<div class=\"elementor-widget-wrap elementor-element-populated\">\n\t\t\t\t\t\t<div class=\"elementor-element elementor-element-5d1eb15 elementor-widget-divider--view-line elementor-invisible elementor-widget elementor-widget-divider\" data-id=\"5d1eb15\" data-element_type=\"widget\" data-settings=\"{&quot;motion_fx_motion_fx_scrolling&quot;:&quot;yes&quot;,&quot;motion_fx_translateX_effect&quot;:&quot;yes&quot;,&quot;motion_fx_translateX_direction&quot;:&quot;negative&quot;,&quot;motion_fx_translateX_speed&quot;:{&quot;unit&quot;:&quot;px&quot;,&quot;size&quot;:0.299999999999999988897769753748434595763683319091796875,&quot;sizes&quot;:[]},&quot;_animation&quot;:&quot;fadeInLeft&quot;,&quot;motion_fx_translateX_affectedRange&quot;:{&quot;unit&quot;:&quot;%&quot;,&quot;size&quot;:&quot;&quot;,&quot;sizes&quot;:{&quot;start&quot;:0,&quot;end&quot;:100}},&quot;motion_fx_devices&quot;:[&quot;desktop&quot;,&quot;tablet&quot;,&quot;mobile&quot;]}\" data-widget_type=\"divider.default\">\n\t\t\t\t<div class=\"elementor-widget-container\">\n\t\t\t\t\t\t\t<div class=\"elementor-divider\">\n\t\t\t<span class=\"elementor-divider-separator\">\n\t\t\t\t\t\t<\/span>\n\t\t<\/div>\n\t\t\t\t\t\t<\/div>\n\t\t\t\t<\/div>\n\t\t\t\t<div class=\"elementor-element elementor-element-b7b6a61 elementor-position-left elementor-vertical-align-top elementor-widget elementor-widget-image-box\" data-id=\"b7b6a61\" data-element_type=\"widget\" data-widget_type=\"image-box.default\">\n\t\t\t\t<div class=\"elementor-widget-container\">\n\t\t\t\t\t<div class=\"elementor-image-box-wrapper\"><figure class=\"elementor-image-box-img\"><a href=\"https:\/\/chdr-ns.com\/pdf\/Srpsko-hrvatski-odnosi-Zbornik-radova-2022.pdf\" target=\"_blank\" tabindex=\"-1\"><img decoding=\"async\" width=\"1784\" height=\"2560\" src=\"https:\/\/chdr-ns.com\/wp-content\/uploads\/SRPSKO_HRVATSKI_ODNOSI_KORICE_FRONT-min-scaled.jpg\" class=\"attachment-full size-full wp-image-8263\" alt=\"\" srcset=\"https:\/\/chdr-ns.com\/wp-content\/uploads\/SRPSKO_HRVATSKI_ODNOSI_KORICE_FRONT-min-scaled.jpg 1784w, https:\/\/chdr-ns.com\/wp-content\/uploads\/SRPSKO_HRVATSKI_ODNOSI_KORICE_FRONT-min-209x300.jpg 209w, https:\/\/chdr-ns.com\/wp-content\/uploads\/SRPSKO_HRVATSKI_ODNOSI_KORICE_FRONT-min-713x1024.jpg 713w, https:\/\/chdr-ns.com\/wp-content\/uploads\/SRPSKO_HRVATSKI_ODNOSI_KORICE_FRONT-min-768x1102.jpg 768w, https:\/\/chdr-ns.com\/wp-content\/uploads\/SRPSKO_HRVATSKI_ODNOSI_KORICE_FRONT-min-1070x1536.jpg 1070w, https:\/\/chdr-ns.com\/wp-content\/uploads\/SRPSKO_HRVATSKI_ODNOSI_KORICE_FRONT-min-1427x2048.jpg 1427w\" sizes=\"(max-width: 1784px) 100vw, 1784px\" \/><\/a><\/figure><div class=\"elementor-image-box-content\"><h3 class=\"elementor-image-box-title\"><a href=\"https:\/\/chdr-ns.com\/pdf\/Srpsko-hrvatski-odnosi-Zbornik-radova-2022.pdf\" target=\"_blank\">Serbian-Croatian relations  <\/a><\/h3><p class=\"elementor-image-box-description\">Center for History, Democracy and Reconciliation - Novi Sad (Serbia)<br> Association for History, Cooperation and Reconciliation - Obrovac (Croatia)<br> Collection of scientific papers, presented at the international scientific conference on Serbian-Croatian relations, in Golubi\u0107 2022. years.<\/p><\/div><\/div>\t\t\t\t<\/div>\n\t\t\t\t<\/div>\n\t\t\t\t\t<\/div>\n\t\t<\/div>\n\t\t\t\t\t<\/div>\n\t\t<\/section>\n\t\t\t\t<section class=\"elementor-section elementor-top-section elementor-element elementor-element-56833ee elementor-section-height-min-height elementor-section-boxed elementor-section-height-default elementor-section-items-middle\" data-id=\"56833ee\" data-element_type=\"section\">\n\t\t\t\t\t\t<div class=\"elementor-container elementor-column-gap-default\">\n\t\t\t\t\t<div class=\"elementor-column elementor-col-100 elementor-top-column elementor-element elementor-element-86b8a52\" data-id=\"86b8a52\" data-element_type=\"column\">\n\t\t\t<div class=\"elementor-widget-wrap elementor-element-populated\">\n\t\t\t\t\t\t<div class=\"elementor-element elementor-element-7928975 elementor-widget-divider--view-line elementor-invisible elementor-widget elementor-widget-divider\" data-id=\"7928975\" data-element_type=\"widget\" data-settings=\"{&quot;motion_fx_motion_fx_scrolling&quot;:&quot;yes&quot;,&quot;motion_fx_translateX_effect&quot;:&quot;yes&quot;,&quot;motion_fx_translateX_direction&quot;:&quot;negative&quot;,&quot;motion_fx_translateX_speed&quot;:{&quot;unit&quot;:&quot;px&quot;,&quot;size&quot;:0.299999999999999988897769753748434595763683319091796875,&quot;sizes&quot;:[]},&quot;_animation&quot;:&quot;fadeInLeft&quot;,&quot;motion_fx_translateX_affectedRange&quot;:{&quot;unit&quot;:&quot;%&quot;,&quot;size&quot;:&quot;&quot;,&quot;sizes&quot;:{&quot;start&quot;:0,&quot;end&quot;:100}},&quot;motion_fx_devices&quot;:[&quot;desktop&quot;,&quot;tablet&quot;,&quot;mobile&quot;]}\" data-widget_type=\"divider.default\">\n\t\t\t\t<div class=\"elementor-widget-container\">\n\t\t\t\t\t\t\t<div class=\"elementor-divider\">\n\t\t\t<span class=\"elementor-divider-separator\">\n\t\t\t\t\t\t<\/span>\n\t\t<\/div>\n\t\t\t\t\t\t<\/div>\n\t\t\t\t<\/div>\n\t\t\t\t<div class=\"elementor-element elementor-element-0da6bbe elementor-position-left elementor-vertical-align-top elementor-widget elementor-widget-image-box\" data-id=\"0da6bbe\" data-element_type=\"widget\" data-widget_type=\"image-box.default\">\n\t\t\t\t<div class=\"elementor-widget-container\">\n\t\t\t\t\t<div class=\"elementor-image-box-wrapper\"><figure class=\"elementor-image-box-img\"><a href=\"https:\/\/chdr-ns.com\/pdf\/Srpsko-hrvatski-odnosi-u-20.-veku-Zbornik-radova-2021.pdf\" target=\"_blank\" tabindex=\"-1\"><img loading=\"lazy\" decoding=\"async\" width=\"1410\" height=\"2250\" src=\"https:\/\/chdr-ns.com\/wp-content\/uploads\/2023\/03\/zbornik-golubic-2021.jpg\" class=\"attachment-full size-full wp-image-8261\" alt=\"\" srcset=\"https:\/\/chdr-ns.com\/wp-content\/uploads\/2023\/03\/zbornik-golubic-2021.jpg 1410w, https:\/\/chdr-ns.com\/wp-content\/uploads\/2023\/03\/zbornik-golubic-2021-188x300.jpg 188w, https:\/\/chdr-ns.com\/wp-content\/uploads\/2023\/03\/zbornik-golubic-2021-642x1024.jpg 642w, https:\/\/chdr-ns.com\/wp-content\/uploads\/2023\/03\/zbornik-golubic-2021-768x1226.jpg 768w, https:\/\/chdr-ns.com\/wp-content\/uploads\/2023\/03\/zbornik-golubic-2021-963x1536.jpg 963w, https:\/\/chdr-ns.com\/wp-content\/uploads\/2023\/03\/zbornik-golubic-2021-1283x2048.jpg 1283w\" sizes=\"(max-width: 1410px) 100vw, 1410px\" \/><\/a><\/figure><div class=\"elementor-image-box-content\"><h3 class=\"elementor-image-box-title\"><a href=\"https:\/\/chdr-ns.com\/pdf\/Srpsko-hrvatski-odnosi-u-20.-veku-Zbornik-radova-2021.pdf\" target=\"_blank\">Serbian-Croatian relations in the 20th century. century<\/a><\/h3><p class=\"elementor-image-box-description\">Center for History, Democracy and Reconciliation - Novi Sad (Serbia)<br> Association for History, Cooperation and Reconciliation - Obrovac (Croatia)<br> Collection of scientific papers, presented at the international scientific conference on Serbian-Croatian relations, in Golubi\u0107 2021. years.<\/p><\/div><\/div>\t\t\t\t<\/div>\n\t\t\t\t<\/div>\n\t\t\t\t\t<\/div>\n\t\t<\/div>\n\t\t\t\t\t<\/div>\n\t\t<\/section>\n\t\t\t\t<section class=\"elementor-section elementor-top-section elementor-element elementor-element-8bbf922 elementor-section-height-min-height elementor-section-boxed elementor-section-height-default elementor-section-items-middle\" data-id=\"8bbf922\" data-element_type=\"section\">\n\t\t\t\t\t\t<div class=\"elementor-container elementor-column-gap-default\">\n\t\t\t\t\t<div class=\"elementor-column elementor-col-100 elementor-top-column elementor-element elementor-element-6cb901b\" data-id=\"6cb901b\" data-element_type=\"column\">\n\t\t\t<div class=\"elementor-widget-wrap elementor-element-populated\">\n\t\t\t\t\t\t<div class=\"elementor-element elementor-element-45889b4 elementor-widget-divider--view-line elementor-invisible elementor-widget elementor-widget-divider\" data-id=\"45889b4\" data-element_type=\"widget\" data-settings=\"{&quot;motion_fx_motion_fx_scrolling&quot;:&quot;yes&quot;,&quot;motion_fx_translateX_effect&quot;:&quot;yes&quot;,&quot;motion_fx_translateX_direction&quot;:&quot;negative&quot;,&quot;motion_fx_translateX_speed&quot;:{&quot;unit&quot;:&quot;px&quot;,&quot;size&quot;:0.299999999999999988897769753748434595763683319091796875,&quot;sizes&quot;:[]},&quot;_animation&quot;:&quot;fadeInLeft&quot;,&quot;motion_fx_translateX_affectedRange&quot;:{&quot;unit&quot;:&quot;%&quot;,&quot;size&quot;:&quot;&quot;,&quot;sizes&quot;:{&quot;start&quot;:0,&quot;end&quot;:100}},&quot;motion_fx_devices&quot;:[&quot;desktop&quot;,&quot;tablet&quot;,&quot;mobile&quot;]}\" data-widget_type=\"divider.default\">\n\t\t\t\t<div class=\"elementor-widget-container\">\n\t\t\t\t\t\t\t<div class=\"elementor-divider\">\n\t\t\t<span class=\"elementor-divider-separator\">\n\t\t\t\t\t\t<\/span>\n\t\t<\/div>\n\t\t\t\t\t\t<\/div>\n\t\t\t\t<\/div>\n\t\t\t\t<div class=\"elementor-element elementor-element-3810bd2 elementor-position-left elementor-vertical-align-top elementor-widget elementor-widget-image-box\" data-id=\"3810bd2\" data-element_type=\"widget\" data-widget_type=\"image-box.default\">\n\t\t\t\t<div class=\"elementor-widget-container\">\n\t\t\t\t\t<div class=\"elementor-image-box-wrapper\"><figure class=\"elementor-image-box-img\"><a href=\"https:\/\/chdr-ns.com\/pdf\/Srpsko-hrvatski-odnosi-u-20-veku-Zbornik-radova-2020.pdf\" target=\"_blank\" tabindex=\"-1\"><img loading=\"lazy\" decoding=\"async\" width=\"561\" height=\"714\" src=\"https:\/\/chdr-ns.com\/wp-content\/uploads\/2023\/03\/zbornik-golubic-2020.jpg\" class=\"attachment-full size-full wp-image-8260\" alt=\"\" srcset=\"https:\/\/chdr-ns.com\/wp-content\/uploads\/2023\/03\/zbornik-golubic-2020.jpg 561w, https:\/\/chdr-ns.com\/wp-content\/uploads\/2023\/03\/zbornik-golubic-2020-236x300.jpg 236w\" sizes=\"(max-width: 561px) 100vw, 561px\" \/><\/a><\/figure><div class=\"elementor-image-box-content\"><h3 class=\"elementor-image-box-title\"><a href=\"https:\/\/chdr-ns.com\/pdf\/Srpsko-hrvatski-odnosi-u-20-veku-Zbornik-radova-2020.pdf\" target=\"_blank\">Serbian-Croatian relations in the 20th century. century<\/a><\/h3><p class=\"elementor-image-box-description\">Center for History, Democracy and Reconciliation - Novi Sad (Serbia)<br> Association for History, Cooperation and Reconciliation - Obrovac (Croatia)<br> Collection of scientific papers, presented at the international scientific conference on Serbian-Croatian relations, in Golubi\u0107 2020. years.<\/p><\/div><\/div>\t\t\t\t<\/div>\n\t\t\t\t<\/div>\n\t\t\t\t\t<\/div>\n\t\t<\/div>\n\t\t\t\t\t<\/div>\n\t\t<\/section>\n\t\t\t\t<section class=\"elementor-section elementor-top-section elementor-element elementor-element-06df60f elementor-section-boxed elementor-section-height-default elementor-section-height-default\" data-id=\"06df60f\" data-element_type=\"section\">\n\t\t\t\t\t\t<div class=\"elementor-container elementor-column-gap-default\">\n\t\t\t\t\t<div class=\"elementor-column elementor-col-100 elementor-top-column elementor-element elementor-element-640f748\" data-id=\"640f748\" data-element_type=\"column\">\n\t\t\t<div class=\"elementor-widget-wrap elementor-element-populated\">\n\t\t\t\t\t\t<div class=\"elementor-element elementor-element-dff5e17 elementor-widget-divider--view-line elementor-invisible elementor-widget elementor-widget-divider\" data-id=\"dff5e17\" data-element_type=\"widget\" data-settings=\"{&quot;motion_fx_motion_fx_scrolling&quot;:&quot;yes&quot;,&quot;motion_fx_translateX_effect&quot;:&quot;yes&quot;,&quot;motion_fx_translateX_direction&quot;:&quot;negative&quot;,&quot;motion_fx_translateX_speed&quot;:{&quot;unit&quot;:&quot;px&quot;,&quot;size&quot;:0.299999999999999988897769753748434595763683319091796875,&quot;sizes&quot;:[]},&quot;_animation&quot;:&quot;fadeInLeft&quot;,&quot;motion_fx_translateX_affectedRange&quot;:{&quot;unit&quot;:&quot;%&quot;,&quot;size&quot;:&quot;&quot;,&quot;sizes&quot;:{&quot;start&quot;:0,&quot;end&quot;:100}},&quot;motion_fx_devices&quot;:[&quot;desktop&quot;,&quot;tablet&quot;,&quot;mobile&quot;]}\" data-widget_type=\"divider.default\">\n\t\t\t\t<div class=\"elementor-widget-container\">\n\t\t\t\t\t\t\t<div class=\"elementor-divider\">\n\t\t\t<span class=\"elementor-divider-separator\">\n\t\t\t\t\t\t<\/span>\n\t\t<\/div>\n\t\t\t\t\t\t<\/div>\n\t\t\t\t<\/div>\n\t\t\t\t<div class=\"elementor-element elementor-element-6ec2f1f elementor-position-left elementor-vertical-align-top elementor-widget elementor-widget-image-box\" data-id=\"6ec2f1f\" data-element_type=\"widget\" data-widget_type=\"image-box.default\">\n\t\t\t\t<div class=\"elementor-widget-container\">\n\t\t\t\t\t<div class=\"elementor-image-box-wrapper\"><figure class=\"elementor-image-box-img\"><a href=\"https:\/\/chdr-ns.com\/pdf\/Srpsko-hrvatski-odnosi-izbeglistvo-i-ideologije-kao-faktori-izgradnje-identiteta-ZBORNIK-RADOVA-2019.pdf\" target=\"_blank\" tabindex=\"-1\"><img loading=\"lazy\" decoding=\"async\" width=\"705\" height=\"1125\" src=\"https:\/\/chdr-ns.com\/wp-content\/uploads\/2023\/03\/zbornik-golubic-2019-1.jpg\" class=\"attachment-full size-full wp-image-8240\" alt=\"\" srcset=\"https:\/\/chdr-ns.com\/wp-content\/uploads\/2023\/03\/zbornik-golubic-2019-1.jpg 705w, https:\/\/chdr-ns.com\/wp-content\/uploads\/2023\/03\/zbornik-golubic-2019-1-188x300.jpg 188w, https:\/\/chdr-ns.com\/wp-content\/uploads\/2023\/03\/zbornik-golubic-2019-1-642x1024.jpg 642w\" sizes=\"(max-width: 705px) 100vw, 705px\" \/><\/a><\/figure><div class=\"elementor-image-box-content\"><h3 class=\"elementor-image-box-title\"><a href=\"https:\/\/chdr-ns.com\/pdf\/Srpsko-hrvatski-odnosi-izbeglistvo-i-ideologije-kao-faktori-izgradnje-identiteta-ZBORNIK-RADOVA-2019.pdf\" target=\"_blank\">Serbian-Croatian relations, refugees and ideologies as factors of identity building<\/a><\/h3><p class=\"elementor-image-box-description\">Center for History, Democracy and Reconciliation - Novi Sad (Serbia)<br> Association for History, Cooperation and Reconciliation - Obrovac (Croatia)<br> Collection of scientific papers, presented at the international scientific conference on Serbian-Croatian relations, in Golubi\u0107 2019. years.<\/p><\/div><\/div>\t\t\t\t<\/div>\n\t\t\t\t<\/div>\n\t\t\t\t\t<\/div>\n\t\t<\/div>\n\t\t\t\t\t<\/div>\n\t\t<\/section>\n\t\t\t\t<section class=\"elementor-section elementor-top-section elementor-element elementor-element-71ddb21 elementor-section-boxed elementor-section-height-default elementor-section-height-default\" data-id=\"71ddb21\" data-element_type=\"section\">\n\t\t\t\t\t\t<div class=\"elementor-container elementor-column-gap-default\">\n\t\t\t\t\t<div class=\"elementor-column elementor-col-100 elementor-top-column elementor-element elementor-element-8258ad3\" data-id=\"8258ad3\" data-element_type=\"column\">\n\t\t\t<div class=\"elementor-widget-wrap elementor-element-populated\">\n\t\t\t\t\t\t<div class=\"elementor-element elementor-element-a179762 elementor-widget-divider--view-line elementor-invisible elementor-widget elementor-widget-divider\" data-id=\"a179762\" data-element_type=\"widget\" data-settings=\"{&quot;motion_fx_motion_fx_scrolling&quot;:&quot;yes&quot;,&quot;motion_fx_translateX_effect&quot;:&quot;yes&quot;,&quot;motion_fx_translateX_direction&quot;:&quot;negative&quot;,&quot;motion_fx_translateX_speed&quot;:{&quot;unit&quot;:&quot;px&quot;,&quot;size&quot;:0.299999999999999988897769753748434595763683319091796875,&quot;sizes&quot;:[]},&quot;_animation&quot;:&quot;fadeInLeft&quot;,&quot;motion_fx_translateX_affectedRange&quot;:{&quot;unit&quot;:&quot;%&quot;,&quot;size&quot;:&quot;&quot;,&quot;sizes&quot;:{&quot;start&quot;:0,&quot;end&quot;:100}},&quot;motion_fx_devices&quot;:[&quot;desktop&quot;,&quot;tablet&quot;,&quot;mobile&quot;]}\" data-widget_type=\"divider.default\">\n\t\t\t\t<div class=\"elementor-widget-container\">\n\t\t\t\t\t\t\t<div class=\"elementor-divider\">\n\t\t\t<span class=\"elementor-divider-separator\">\n\t\t\t\t\t\t<\/span>\n\t\t<\/div>\n\t\t\t\t\t\t<\/div>\n\t\t\t\t<\/div>\n\t\t\t\t<div class=\"elementor-element elementor-element-706818d elementor-position-left elementor-vertical-align-top elementor-widget elementor-widget-image-box\" data-id=\"706818d\" data-element_type=\"widget\" data-widget_type=\"image-box.default\">\n\t\t\t\t<div class=\"elementor-widget-container\">\n\t\t\t\t\t<div class=\"elementor-image-box-wrapper\"><figure class=\"elementor-image-box-img\"><a href=\"https:\/\/chdr-ns.com\/pdf\/Srpsko-Hrvatski-odnosi-u-20.-veku-Zbornik-radova-2019.pdf\" target=\"_blank\" tabindex=\"-1\"><img loading=\"lazy\" decoding=\"async\" width=\"705\" height=\"1125\" src=\"https:\/\/chdr-ns.com\/wp-content\/uploads\/2023\/03\/zbornik-golubic-2018.jpg\" class=\"attachment-full size-full wp-image-8241\" alt=\"\" srcset=\"https:\/\/chdr-ns.com\/wp-content\/uploads\/2023\/03\/zbornik-golubic-2018.jpg 705w, https:\/\/chdr-ns.com\/wp-content\/uploads\/2023\/03\/zbornik-golubic-2018-188x300.jpg 188w, https:\/\/chdr-ns.com\/wp-content\/uploads\/2023\/03\/zbornik-golubic-2018-642x1024.jpg 642w\" sizes=\"(max-width: 705px) 100vw, 705px\" \/><\/a><\/figure><div class=\"elementor-image-box-content\"><h3 class=\"elementor-image-box-title\"><a href=\"https:\/\/chdr-ns.com\/pdf\/Srpsko-Hrvatski-odnosi-u-20.-veku-Zbornik-radova-2019.pdf\" target=\"_blank\">Serbian-Croatian relations in the 20th century. A century<\/a><\/h3><p class=\"elementor-image-box-description\">Center for History, Democracy and Reconciliation - Novi Sad (Serbia)<br> Association for History, Cooperation and Reconciliation - Obrovac (Croatia)<br> Collection of scientific papers, presented at the international scientific conference on Serbian-Croatian relations, in Golubi\u0107 2019. years.<\/p><\/div><\/div>\t\t\t\t<\/div>\n\t\t\t\t<\/div>\n\t\t\t\t\t<\/div>\n\t\t<\/div>\n\t\t\t\t\t<\/div>\n\t\t<\/section>\n\t\t\t\t<section class=\"elementor-section elementor-top-section elementor-element elementor-element-2062c60 elementor-section-boxed elementor-section-height-default elementor-section-height-default\" data-id=\"2062c60\" data-element_type=\"section\">\n\t\t\t\t\t\t<div class=\"elementor-container elementor-column-gap-default\">\n\t\t\t\t\t<div class=\"elementor-column elementor-col-100 elementor-top-column elementor-element elementor-element-c3b6b49\" data-id=\"c3b6b49\" data-element_type=\"column\">\n\t\t\t<div class=\"elementor-widget-wrap elementor-element-populated\">\n\t\t\t\t\t\t<div class=\"elementor-element elementor-element-5928737 elementor-widget-divider--view-line elementor-invisible elementor-widget elementor-widget-divider\" data-id=\"5928737\" data-element_type=\"widget\" data-settings=\"{&quot;motion_fx_motion_fx_scrolling&quot;:&quot;yes&quot;,&quot;motion_fx_translateX_effect&quot;:&quot;yes&quot;,&quot;motion_fx_translateX_direction&quot;:&quot;negative&quot;,&quot;motion_fx_translateX_speed&quot;:{&quot;unit&quot;:&quot;px&quot;,&quot;size&quot;:0.299999999999999988897769753748434595763683319091796875,&quot;sizes&quot;:[]},&quot;_animation&quot;:&quot;fadeInLeft&quot;,&quot;motion_fx_translateX_affectedRange&quot;:{&quot;unit&quot;:&quot;%&quot;,&quot;size&quot;:&quot;&quot;,&quot;sizes&quot;:{&quot;start&quot;:0,&quot;end&quot;:100}},&quot;motion_fx_devices&quot;:[&quot;desktop&quot;,&quot;tablet&quot;,&quot;mobile&quot;]}\" data-widget_type=\"divider.default\">\n\t\t\t\t<div class=\"elementor-widget-container\">\n\t\t\t\t\t\t\t<div class=\"elementor-divider\">\n\t\t\t<span class=\"elementor-divider-separator\">\n\t\t\t\t\t\t<\/span>\n\t\t<\/div>\n\t\t\t\t\t\t<\/div>\n\t\t\t\t<\/div>\n\t\t\t\t<div class=\"elementor-element elementor-element-6410361 elementor-position-left elementor-vertical-align-top elementor-widget elementor-widget-image-box\" data-id=\"6410361\" data-element_type=\"widget\" data-widget_type=\"image-box.default\">\n\t\t\t\t<div class=\"elementor-widget-container\">\n\t\t\t\t\t<div class=\"elementor-image-box-wrapper\"><figure class=\"elementor-image-box-img\"><a href=\"https:\/\/chdr-ns.com\/en\/publications\/republic-of-serbia-historical-legal-and-cultural-overwiev-pdf-3\/\" target=\"_blank\" tabindex=\"-1\"><img loading=\"lazy\" decoding=\"async\" width=\"140\" height=\"199\" src=\"https:\/\/chdr-ns.com\/wp-content\/uploads\/2019\/01\/BroNaslovna.jpg\" class=\"attachment-full size-full wp-image-9298\" alt=\"\" \/><\/a><\/figure><div class=\"elementor-image-box-content\"><h3 class=\"elementor-image-box-title\"><a href=\"https:\/\/chdr-ns.com\/en\/publications\/republic-of-serbia-historical-legal-and-cultural-overwiev-pdf-3\/\" target=\"_blank\">BROCHURE - REPUBLIC OF SERBIA - Historical, legal and cultural overview<\/a><\/h3><p class=\"elementor-image-box-description\">Center for History, Democracy and Reconciliation - Novi Sad (Serbia)  <\/p><\/div><\/div>\t\t\t\t<\/div>\n\t\t\t\t<\/div>\n\t\t\t\t\t<\/div>\n\t\t<\/div>\n\t\t\t\t\t<\/div>\n\t\t<\/section>\n\t\t\t\t<section class=\"elementor-section elementor-top-section elementor-element elementor-element-cd067b5 elementor-section-boxed elementor-section-height-default elementor-section-height-default\" data-id=\"cd067b5\" data-element_type=\"section\">\n\t\t\t\t\t\t<div class=\"elementor-container elementor-column-gap-default\">\n\t\t\t\t\t<div class=\"elementor-column elementor-col-100 elementor-top-column elementor-element elementor-element-3ec1252\" data-id=\"3ec1252\" data-element_type=\"column\">\n\t\t\t<div class=\"elementor-widget-wrap elementor-element-populated\">\n\t\t\t\t\t\t<div class=\"elementor-element elementor-element-81d738e elementor-widget-divider--view-line elementor-invisible elementor-widget elementor-widget-divider\" data-id=\"81d738e\" data-element_type=\"widget\" data-settings=\"{&quot;motion_fx_motion_fx_scrolling&quot;:&quot;yes&quot;,&quot;motion_fx_translateX_effect&quot;:&quot;yes&quot;,&quot;motion_fx_translateX_direction&quot;:&quot;negative&quot;,&quot;motion_fx_translateX_speed&quot;:{&quot;unit&quot;:&quot;px&quot;,&quot;size&quot;:0.299999999999999988897769753748434595763683319091796875,&quot;sizes&quot;:[]},&quot;_animation&quot;:&quot;fadeInLeft&quot;,&quot;motion_fx_translateX_affectedRange&quot;:{&quot;unit&quot;:&quot;%&quot;,&quot;size&quot;:&quot;&quot;,&quot;sizes&quot;:{&quot;start&quot;:0,&quot;end&quot;:100}},&quot;motion_fx_devices&quot;:[&quot;desktop&quot;,&quot;tablet&quot;,&quot;mobile&quot;]}\" data-widget_type=\"divider.default\">\n\t\t\t\t<div class=\"elementor-widget-container\">\n\t\t\t\t\t\t\t<div class=\"elementor-divider\">\n\t\t\t<span class=\"elementor-divider-separator\">\n\t\t\t\t\t\t<\/span>\n\t\t<\/div>\n\t\t\t\t\t\t<\/div>\n\t\t\t\t<\/div>\n\t\t\t\t<div class=\"elementor-element elementor-element-f980949 elementor-position-left elementor-vertical-align-top elementor-widget elementor-widget-image-box\" data-id=\"f980949\" data-element_type=\"widget\" data-widget_type=\"image-box.default\">\n\t\t\t\t<div class=\"elementor-widget-container\">\n\t\t\t\t\t<div class=\"elementor-image-box-wrapper\"><figure class=\"elementor-image-box-img\"><a href=\"https:\/\/chdr-ns.com\/pdf\/Sto-godina-hrvatsko-srpskih-odnosa-1918-2018-dominantni-narativi-i-kulture-secanja-Zbornik-radova-2018.pdf\" target=\"_blank\" tabindex=\"-1\"><img loading=\"lazy\" decoding=\"async\" width=\"705\" height=\"1125\" src=\"https:\/\/chdr-ns.com\/wp-content\/uploads\/2023\/03\/zbornik-golubic-2018-2.jpg\" class=\"attachment-full size-full wp-image-8243\" alt=\"\" srcset=\"https:\/\/chdr-ns.com\/wp-content\/uploads\/2023\/03\/zbornik-golubic-2018-2.jpg 705w, https:\/\/chdr-ns.com\/wp-content\/uploads\/2023\/03\/zbornik-golubic-2018-2-188x300.jpg 188w, https:\/\/chdr-ns.com\/wp-content\/uploads\/2023\/03\/zbornik-golubic-2018-2-642x1024.jpg 642w\" sizes=\"(max-width: 705px) 100vw, 705px\" \/><\/a><\/figure><div class=\"elementor-image-box-content\"><h3 class=\"elementor-image-box-title\"><a href=\"https:\/\/chdr-ns.com\/pdf\/Sto-godina-hrvatsko-srpskih-odnosa-1918-2018-dominantni-narativi-i-kulture-secanja-Zbornik-radova-2018.pdf\" target=\"_blank\">One hundred years of Croatian-Serbian relations (1918-2018), dominant narratives and cultures of memory<\/a><\/h3><p class=\"elementor-image-box-description\">Center for History, Democracy and Reconciliation - Novi Sad (Serbia)<br> Association for History, Cooperation and Reconciliation - Obrovac (Croatia)<br> Collective scientific papers, presented at the international scientific conference on Serbian-Croatian relations, in Golubi\u0107 2018. years.<\/p><\/div><\/div>\t\t\t\t<\/div>\n\t\t\t\t<\/div>\n\t\t\t\t\t<\/div>\n\t\t<\/div>\n\t\t\t\t\t<\/div>\n\t\t<\/section>\n\t\t\t\t<section class=\"elementor-section elementor-top-section elementor-element elementor-element-56fc51f elementor-section-boxed elementor-section-height-default elementor-section-height-default\" data-id=\"56fc51f\" data-element_type=\"section\">\n\t\t\t\t\t\t<div class=\"elementor-container elementor-column-gap-default\">\n\t\t\t\t\t<div class=\"elementor-column elementor-col-100 elementor-top-column elementor-element elementor-element-8107079\" data-id=\"8107079\" data-element_type=\"column\">\n\t\t\t<div class=\"elementor-widget-wrap elementor-element-populated\">\n\t\t\t\t\t\t<div class=\"elementor-element elementor-element-f806325 elementor-widget-divider--view-line elementor-invisible elementor-widget elementor-widget-divider\" data-id=\"f806325\" data-element_type=\"widget\" data-settings=\"{&quot;motion_fx_motion_fx_scrolling&quot;:&quot;yes&quot;,&quot;motion_fx_translateX_effect&quot;:&quot;yes&quot;,&quot;motion_fx_translateX_direction&quot;:&quot;negative&quot;,&quot;motion_fx_translateX_speed&quot;:{&quot;unit&quot;:&quot;px&quot;,&quot;size&quot;:0.299999999999999988897769753748434595763683319091796875,&quot;sizes&quot;:[]},&quot;_animation&quot;:&quot;fadeInLeft&quot;,&quot;motion_fx_translateX_affectedRange&quot;:{&quot;unit&quot;:&quot;%&quot;,&quot;size&quot;:&quot;&quot;,&quot;sizes&quot;:{&quot;start&quot;:0,&quot;end&quot;:100}},&quot;motion_fx_devices&quot;:[&quot;desktop&quot;,&quot;tablet&quot;,&quot;mobile&quot;]}\" data-widget_type=\"divider.default\">\n\t\t\t\t<div class=\"elementor-widget-container\">\n\t\t\t\t\t\t\t<div class=\"elementor-divider\">\n\t\t\t<span class=\"elementor-divider-separator\">\n\t\t\t\t\t\t<\/span>\n\t\t<\/div>\n\t\t\t\t\t\t<\/div>\n\t\t\t\t<\/div>\n\t\t\t\t<div class=\"elementor-element elementor-element-9b52279 elementor-position-left elementor-vertical-align-top elementor-widget elementor-widget-image-box\" data-id=\"9b52279\" data-element_type=\"widget\" data-widget_type=\"image-box.default\">\n\t\t\t\t<div class=\"elementor-widget-container\">\n\t\t\t\t\t<div class=\"elementor-image-box-wrapper\"><figure class=\"elementor-image-box-img\"><a href=\"https:\/\/chdr-ns.com\/pdf\/Srpsko-hrvatski-odnosi-identitet-i-ekonomija-u-21.-Veku-zbornik-radova-2017.pdf\" target=\"_blank\" tabindex=\"-1\"><img loading=\"lazy\" decoding=\"async\" width=\"705\" height=\"1125\" src=\"https:\/\/chdr-ns.com\/wp-content\/uploads\/2023\/03\/zbornik-golubic-2017.jpg\" class=\"attachment-full size-full wp-image-8244\" alt=\"\" srcset=\"https:\/\/chdr-ns.com\/wp-content\/uploads\/2023\/03\/zbornik-golubic-2017.jpg 705w, https:\/\/chdr-ns.com\/wp-content\/uploads\/2023\/03\/zbornik-golubic-2017-188x300.jpg 188w, https:\/\/chdr-ns.com\/wp-content\/uploads\/2023\/03\/zbornik-golubic-2017-642x1024.jpg 642w\" sizes=\"(max-width: 705px) 100vw, 705px\" \/><\/a><\/figure><div class=\"elementor-image-box-content\"><h3 class=\"elementor-image-box-title\"><a href=\"https:\/\/chdr-ns.com\/pdf\/Srpsko-hrvatski-odnosi-identitet-i-ekonomija-u-21.-Veku-zbornik-radova-2017.pdf\" target=\"_blank\">Serbian-Croatian relations - identity and economy in the 21st century. A century<\/a><\/h3><p class=\"elementor-image-box-description\">Center for History, Democracy and Reconciliation - Novi Sad (Serbia)<br> Association for History, Cooperation and Reconciliation - Obrovac (Croatia)<br> Collective scientific papers, presented at the international scientific conference on Serbian-Croatian relations, in Golubi\u0107, 2017. years.<\/p><\/div><\/div>\t\t\t\t<\/div>\n\t\t\t\t<\/div>\n\t\t\t\t\t<\/div>\n\t\t<\/div>\n\t\t\t\t\t<\/div>\n\t\t<\/section>\n\t\t\t\t<section class=\"elementor-section elementor-top-section elementor-element elementor-element-6460e56 elementor-section-boxed elementor-section-height-default elementor-section-height-default\" data-id=\"6460e56\" data-element_type=\"section\">\n\t\t\t\t\t\t<div class=\"elementor-container elementor-column-gap-default\">\n\t\t\t\t\t<div class=\"elementor-column elementor-col-100 elementor-top-column elementor-element elementor-element-01b4c69\" data-id=\"01b4c69\" data-element_type=\"column\">\n\t\t\t<div class=\"elementor-widget-wrap elementor-element-populated\">\n\t\t\t\t\t\t<div class=\"elementor-element elementor-element-1b5bf4f elementor-widget-divider--view-line elementor-invisible elementor-widget elementor-widget-divider\" data-id=\"1b5bf4f\" data-element_type=\"widget\" data-settings=\"{&quot;motion_fx_motion_fx_scrolling&quot;:&quot;yes&quot;,&quot;motion_fx_translateX_effect&quot;:&quot;yes&quot;,&quot;motion_fx_translateX_direction&quot;:&quot;negative&quot;,&quot;motion_fx_translateX_speed&quot;:{&quot;unit&quot;:&quot;px&quot;,&quot;size&quot;:0.299999999999999988897769753748434595763683319091796875,&quot;sizes&quot;:[]},&quot;_animation&quot;:&quot;fadeInLeft&quot;,&quot;motion_fx_translateX_affectedRange&quot;:{&quot;unit&quot;:&quot;%&quot;,&quot;size&quot;:&quot;&quot;,&quot;sizes&quot;:{&quot;start&quot;:0,&quot;end&quot;:100}},&quot;motion_fx_devices&quot;:[&quot;desktop&quot;,&quot;tablet&quot;,&quot;mobile&quot;]}\" data-widget_type=\"divider.default\">\n\t\t\t\t<div class=\"elementor-widget-container\">\n\t\t\t\t\t\t\t<div class=\"elementor-divider\">\n\t\t\t<span class=\"elementor-divider-separator\">\n\t\t\t\t\t\t<\/span>\n\t\t<\/div>\n\t\t\t\t\t\t<\/div>\n\t\t\t\t<\/div>\n\t\t\t\t<div class=\"elementor-element elementor-element-4053534 elementor-position-left elementor-vertical-align-top elementor-widget elementor-widget-image-box\" data-id=\"4053534\" data-element_type=\"widget\" data-widget_type=\"image-box.default\">\n\t\t\t\t<div class=\"elementor-widget-container\">\n\t\t\t\t\t<div class=\"elementor-image-box-wrapper\"><figure class=\"elementor-image-box-img\"><a href=\"https:\/\/chdr-ns.com\/pdf\/Evropa-izmedu-stvarnosti-i-buducnosti-odraz-drustvenih-i-politickih-aspekata-migrantske-krize-na-Srbiju-brosura-2017.pdf\" target=\"_blank\" tabindex=\"-1\"><img loading=\"lazy\" decoding=\"async\" width=\"705\" height=\"1125\" src=\"https:\/\/chdr-ns.com\/wp-content\/uploads\/2023\/03\/brosura-2017.jpg\" class=\"attachment-full size-full wp-image-8246\" alt=\"\" srcset=\"https:\/\/chdr-ns.com\/wp-content\/uploads\/2023\/03\/brosura-2017.jpg 705w, https:\/\/chdr-ns.com\/wp-content\/uploads\/2023\/03\/brosura-2017-188x300.jpg 188w, https:\/\/chdr-ns.com\/wp-content\/uploads\/2023\/03\/brosura-2017-642x1024.jpg 642w\" sizes=\"(max-width: 705px) 100vw, 705px\" \/><\/a><\/figure><div class=\"elementor-image-box-content\"><h3 class=\"elementor-image-box-title\"><a href=\"https:\/\/chdr-ns.com\/pdf\/Evropa-izmedu-stvarnosti-i-buducnosti-odraz-drustvenih-i-politickih-aspekata-migrantske-krize-na-Srbiju-brosura-2017.pdf\" target=\"_blank\">Europe between reality and the future, a reflection of the social and political aspects of the migrant crisis on Serbia<\/a><\/h3><p class=\"elementor-image-box-description\">Center for History, Democracy and Reconciliation - Novi Sad (Serbia)<br> Authors: Darko Gavrilovi\u0107, Ivana Ble\u0161i\u0107, Tatjana Pivac.<\/p><\/div><\/div>\t\t\t\t<\/div>\n\t\t\t\t<\/div>\n\t\t\t\t\t<\/div>\n\t\t<\/div>\n\t\t\t\t\t<\/div>\n\t\t<\/section>\n\t\t\t\t<section class=\"elementor-section elementor-top-section elementor-element elementor-element-1ad547e elementor-section-boxed elementor-section-height-default elementor-section-height-default\" data-id=\"1ad547e\" data-element_type=\"section\">\n\t\t\t\t\t\t<div class=\"elementor-container elementor-column-gap-default\">\n\t\t\t\t\t<div class=\"elementor-column elementor-col-100 elementor-top-column elementor-element elementor-element-6fb6f30\" data-id=\"6fb6f30\" data-element_type=\"column\">\n\t\t\t<div class=\"elementor-widget-wrap elementor-element-populated\">\n\t\t\t\t\t\t<div class=\"elementor-element elementor-element-9e283dd elementor-widget-divider--view-line elementor-invisible elementor-widget elementor-widget-divider\" data-id=\"9e283dd\" data-element_type=\"widget\" data-settings=\"{&quot;motion_fx_motion_fx_scrolling&quot;:&quot;yes&quot;,&quot;motion_fx_translateX_effect&quot;:&quot;yes&quot;,&quot;motion_fx_translateX_direction&quot;:&quot;negative&quot;,&quot;motion_fx_translateX_speed&quot;:{&quot;unit&quot;:&quot;px&quot;,&quot;size&quot;:0.299999999999999988897769753748434595763683319091796875,&quot;sizes&quot;:[]},&quot;_animation&quot;:&quot;fadeInLeft&quot;,&quot;motion_fx_translateX_affectedRange&quot;:{&quot;unit&quot;:&quot;%&quot;,&quot;size&quot;:&quot;&quot;,&quot;sizes&quot;:{&quot;start&quot;:0,&quot;end&quot;:100}},&quot;motion_fx_devices&quot;:[&quot;desktop&quot;,&quot;tablet&quot;,&quot;mobile&quot;]}\" data-widget_type=\"divider.default\">\n\t\t\t\t<div class=\"elementor-widget-container\">\n\t\t\t\t\t\t\t<div class=\"elementor-divider\">\n\t\t\t<span class=\"elementor-divider-separator\">\n\t\t\t\t\t\t<\/span>\n\t\t<\/div>\n\t\t\t\t\t\t<\/div>\n\t\t\t\t<\/div>\n\t\t\t\t<div class=\"elementor-element elementor-element-47d2ac3 elementor-position-left elementor-vertical-align-top elementor-widget elementor-widget-image-box\" data-id=\"47d2ac3\" data-element_type=\"widget\" data-widget_type=\"image-box.default\">\n\t\t\t\t<div class=\"elementor-widget-container\">\n\t\t\t\t\t<div class=\"elementor-image-box-wrapper\"><figure class=\"elementor-image-box-img\"><a href=\"https:\/\/chdr-ns.com\/pdf\/Srpsko-hrvatski-odnosi-znanjem-do-zastite-identiteta-Zbornik-radova-2016.pdf\" target=\"_blank\" tabindex=\"-1\"><img loading=\"lazy\" decoding=\"async\" width=\"705\" height=\"1125\" src=\"https:\/\/chdr-ns.com\/wp-content\/uploads\/2023\/03\/zbornik-golubic-2016.jpg\" class=\"attachment-full size-full wp-image-8245\" alt=\"\" srcset=\"https:\/\/chdr-ns.com\/wp-content\/uploads\/2023\/03\/zbornik-golubic-2016.jpg 705w, https:\/\/chdr-ns.com\/wp-content\/uploads\/2023\/03\/zbornik-golubic-2016-188x300.jpg 188w, https:\/\/chdr-ns.com\/wp-content\/uploads\/2023\/03\/zbornik-golubic-2016-642x1024.jpg 642w\" sizes=\"(max-width: 705px) 100vw, 705px\" \/><\/a><\/figure><div class=\"elementor-image-box-content\"><h3 class=\"elementor-image-box-title\"><a href=\"https:\/\/chdr-ns.com\/pdf\/Srpsko-hrvatski-odnosi-znanjem-do-zastite-identiteta-Zbornik-radova-2016.pdf\" target=\"_blank\">Serbian-Croatian knowledge relations to identity protection<\/a><\/h3><p class=\"elementor-image-box-description\">Center for History, Democracy and Reconciliation - Novi Sad (Serbia)<br> Association for History, Cooperation and Reconciliation - Obrovac (Croatia)<br> Collection of scientific papers, presented at the international scientific conference on Serbian-Croatian relations, in Golubi\u0107 in 2016. years<\/p><\/div><\/div>\t\t\t\t<\/div>\n\t\t\t\t<\/div>\n\t\t\t\t\t<\/div>\n\t\t<\/div>\n\t\t\t\t\t<\/div>\n\t\t<\/section>\n\t\t\t\t<section class=\"elementor-section elementor-top-section elementor-element elementor-element-51d4e9f elementor-section-boxed elementor-section-height-default elementor-section-height-default\" data-id=\"51d4e9f\" data-element_type=\"section\">\n\t\t\t\t\t\t<div class=\"elementor-container elementor-column-gap-default\">\n\t\t\t\t\t<div class=\"elementor-column elementor-col-100 elementor-top-column elementor-element elementor-element-68f428e\" data-id=\"68f428e\" data-element_type=\"column\">\n\t\t\t<div class=\"elementor-widget-wrap elementor-element-populated\">\n\t\t\t\t\t\t<div class=\"elementor-element elementor-element-1d4b644 elementor-widget-divider--view-line elementor-invisible elementor-widget elementor-widget-divider\" data-id=\"1d4b644\" data-element_type=\"widget\" data-settings=\"{&quot;motion_fx_motion_fx_scrolling&quot;:&quot;yes&quot;,&quot;motion_fx_translateX_effect&quot;:&quot;yes&quot;,&quot;motion_fx_translateX_direction&quot;:&quot;negative&quot;,&quot;motion_fx_translateX_speed&quot;:{&quot;unit&quot;:&quot;px&quot;,&quot;size&quot;:0.299999999999999988897769753748434595763683319091796875,&quot;sizes&quot;:[]},&quot;_animation&quot;:&quot;fadeInLeft&quot;,&quot;motion_fx_translateX_affectedRange&quot;:{&quot;unit&quot;:&quot;%&quot;,&quot;size&quot;:&quot;&quot;,&quot;sizes&quot;:{&quot;start&quot;:0,&quot;end&quot;:100}},&quot;motion_fx_devices&quot;:[&quot;desktop&quot;,&quot;tablet&quot;,&quot;mobile&quot;]}\" data-widget_type=\"divider.default\">\n\t\t\t\t<div class=\"elementor-widget-container\">\n\t\t\t\t\t\t\t<div class=\"elementor-divider\">\n\t\t\t<span class=\"elementor-divider-separator\">\n\t\t\t\t\t\t<\/span>\n\t\t<\/div>\n\t\t\t\t\t\t<\/div>\n\t\t\t\t<\/div>\n\t\t\t\t<div class=\"elementor-element elementor-element-97ffcfd elementor-position-left elementor-vertical-align-top elementor-widget elementor-widget-image-box\" data-id=\"97ffcfd\" data-element_type=\"widget\" data-widget_type=\"image-box.default\">\n\t\t\t\t<div class=\"elementor-widget-container\">\n\t\t\t\t\t<div class=\"elementor-image-box-wrapper\"><figure class=\"elementor-image-box-img\"><a href=\"https:\/\/chdr-ns.com\/pdf\/Srpsko-hrvatski-odnosi-u-20.veku-Izbeglice-prognanici-i-povratnici-izazov-za-savremenu-Evropu-i-Zapadni-Balkan-zbornik-radova-2016.pdf\" target=\"_blank\" tabindex=\"-1\"><img loading=\"lazy\" decoding=\"async\" width=\"705\" height=\"1125\" src=\"https:\/\/chdr-ns.com\/wp-content\/uploads\/2023\/03\/zbornik-golubic-2016-2.jpg\" class=\"attachment-full size-full wp-image-8247\" alt=\"\" srcset=\"https:\/\/chdr-ns.com\/wp-content\/uploads\/2023\/03\/zbornik-golubic-2016-2.jpg 705w, https:\/\/chdr-ns.com\/wp-content\/uploads\/2023\/03\/zbornik-golubic-2016-2-188x300.jpg 188w, https:\/\/chdr-ns.com\/wp-content\/uploads\/2023\/03\/zbornik-golubic-2016-2-642x1024.jpg 642w\" sizes=\"(max-width: 705px) 100vw, 705px\" \/><\/a><\/figure><div class=\"elementor-image-box-content\"><h3 class=\"elementor-image-box-title\"><a href=\"https:\/\/chdr-ns.com\/pdf\/Srpsko-hrvatski-odnosi-u-20.veku-Izbeglice-prognanici-i-povratnici-izazov-za-savremenu-Evropu-i-Zapadni-Balkan-zbornik-radova-2016.pdf\" target=\"_blank\">Serbian-Croatian relations in the 20th century. Refugees, exiles and returnees - a challenge for contemporary Europe and the Western Balkans<\/a><\/h3><p class=\"elementor-image-box-description\">Center for History, Democracy and Reconciliation - Novi Sad (Serbia)<br> Association for History, Cooperation and Reconciliation - Obrovac (Croatia)<br> Collection of scientific papers, presented at the international scientific conference on Serbian-Croatian relations, in Golubi\u0107 in 2016. years<\/p><\/div><\/div>\t\t\t\t<\/div>\n\t\t\t\t<\/div>\n\t\t\t\t\t<\/div>\n\t\t<\/div>\n\t\t\t\t\t<\/div>\n\t\t<\/section>\n\t\t\t\t<section class=\"elementor-section elementor-top-section elementor-element elementor-element-f4b1e0a elementor-section-boxed elementor-section-height-default elementor-section-height-default\" data-id=\"f4b1e0a\" data-element_type=\"section\">\n\t\t\t\t\t\t<div class=\"elementor-container elementor-column-gap-default\">\n\t\t\t\t\t<div class=\"elementor-column elementor-col-100 elementor-top-column elementor-element elementor-element-ff2e02f\" data-id=\"ff2e02f\" data-element_type=\"column\">\n\t\t\t<div class=\"elementor-widget-wrap elementor-element-populated\">\n\t\t\t\t\t\t<div class=\"elementor-element elementor-element-2f30304 elementor-widget-divider--view-line elementor-invisible elementor-widget elementor-widget-divider\" data-id=\"2f30304\" data-element_type=\"widget\" data-settings=\"{&quot;motion_fx_motion_fx_scrolling&quot;:&quot;yes&quot;,&quot;motion_fx_translateX_effect&quot;:&quot;yes&quot;,&quot;motion_fx_translateX_direction&quot;:&quot;negative&quot;,&quot;motion_fx_translateX_speed&quot;:{&quot;unit&quot;:&quot;px&quot;,&quot;size&quot;:0.299999999999999988897769753748434595763683319091796875,&quot;sizes&quot;:[]},&quot;_animation&quot;:&quot;fadeInLeft&quot;,&quot;motion_fx_translateX_affectedRange&quot;:{&quot;unit&quot;:&quot;%&quot;,&quot;size&quot;:&quot;&quot;,&quot;sizes&quot;:{&quot;start&quot;:0,&quot;end&quot;:100}},&quot;motion_fx_devices&quot;:[&quot;desktop&quot;,&quot;tablet&quot;,&quot;mobile&quot;]}\" data-widget_type=\"divider.default\">\n\t\t\t\t<div class=\"elementor-widget-container\">\n\t\t\t\t\t\t\t<div class=\"elementor-divider\">\n\t\t\t<span class=\"elementor-divider-separator\">\n\t\t\t\t\t\t<\/span>\n\t\t<\/div>\n\t\t\t\t\t\t<\/div>\n\t\t\t\t<\/div>\n\t\t\t\t<div class=\"elementor-element elementor-element-151715c elementor-position-left elementor-vertical-align-top elementor-widget elementor-widget-image-box\" data-id=\"151715c\" data-element_type=\"widget\" data-widget_type=\"image-box.default\">\n\t\t\t\t<div class=\"elementor-widget-container\">\n\t\t\t\t\t<div class=\"elementor-image-box-wrapper\"><figure class=\"elementor-image-box-img\"><a href=\"https:\/\/chdr-ns.com\/pdf\/Hrvatsko-srpski-odnosi-u-20.veku-prava-nacionalnih-manjina-borba-protiv-diskriminacije-Zbornik-radova-2013.pdf\" target=\"_blank\" tabindex=\"-1\"><img loading=\"lazy\" decoding=\"async\" width=\"705\" height=\"1125\" src=\"https:\/\/chdr-ns.com\/wp-content\/uploads\/2023\/03\/zbornik-golubic-2013.jpg\" class=\"attachment-full size-full wp-image-8248\" alt=\"\" srcset=\"https:\/\/chdr-ns.com\/wp-content\/uploads\/2023\/03\/zbornik-golubic-2013.jpg 705w, https:\/\/chdr-ns.com\/wp-content\/uploads\/2023\/03\/zbornik-golubic-2013-188x300.jpg 188w, https:\/\/chdr-ns.com\/wp-content\/uploads\/2023\/03\/zbornik-golubic-2013-642x1024.jpg 642w\" sizes=\"(max-width: 705px) 100vw, 705px\" \/><\/a><\/figure><div class=\"elementor-image-box-content\"><h3 class=\"elementor-image-box-title\"><a href=\"https:\/\/chdr-ns.com\/pdf\/Hrvatsko-srpski-odnosi-u-20.veku-prava-nacionalnih-manjina-borba-protiv-diskriminacije-Zbornik-radova-2013.pdf\" target=\"_blank\">Croatian-Serbian relations in the 20th century - the rights of national minorities - the fight against discrimination<\/a><\/h3><p class=\"elementor-image-box-description\">Center for History, Democracy and Reconciliation - Novi Sad (Serbia)<br> Association for History, Cooperation and Reconciliation - Obrovac (Croatia)<br> Collection of scientific papers, presented at the international scientific conference on Serbian-Croatian relations, in Golubi\u0107 in 2013. years<\/p><\/div><\/div>\t\t\t\t<\/div>\n\t\t\t\t<\/div>\n\t\t\t\t\t<\/div>\n\t\t<\/div>\n\t\t\t\t\t<\/div>\n\t\t<\/section>\n\t\t\t\t<section class=\"elementor-section elementor-top-section elementor-element elementor-element-1dca0ae elementor-section-boxed elementor-section-height-default elementor-section-height-default\" data-id=\"1dca0ae\" data-element_type=\"section\">\n\t\t\t\t\t\t<div class=\"elementor-container elementor-column-gap-default\">\n\t\t\t\t\t<div class=\"elementor-column elementor-col-100 elementor-top-column elementor-element elementor-element-1264b97\" data-id=\"1264b97\" data-element_type=\"column\">\n\t\t\t<div class=\"elementor-widget-wrap elementor-element-populated\">\n\t\t\t\t\t\t<div class=\"elementor-element elementor-element-89d9570 elementor-widget-divider--view-line elementor-invisible elementor-widget elementor-widget-divider\" data-id=\"89d9570\" data-element_type=\"widget\" data-settings=\"{&quot;motion_fx_motion_fx_scrolling&quot;:&quot;yes&quot;,&quot;motion_fx_translateX_effect&quot;:&quot;yes&quot;,&quot;motion_fx_translateX_direction&quot;:&quot;negative&quot;,&quot;motion_fx_translateX_speed&quot;:{&quot;unit&quot;:&quot;px&quot;,&quot;size&quot;:0.299999999999999988897769753748434595763683319091796875,&quot;sizes&quot;:[]},&quot;_animation&quot;:&quot;fadeInLeft&quot;,&quot;motion_fx_translateX_affectedRange&quot;:{&quot;unit&quot;:&quot;%&quot;,&quot;size&quot;:&quot;&quot;,&quot;sizes&quot;:{&quot;start&quot;:0,&quot;end&quot;:100}},&quot;motion_fx_devices&quot;:[&quot;desktop&quot;,&quot;tablet&quot;,&quot;mobile&quot;]}\" data-widget_type=\"divider.default\">\n\t\t\t\t<div class=\"elementor-widget-container\">\n\t\t\t\t\t\t\t<div class=\"elementor-divider\">\n\t\t\t<span class=\"elementor-divider-separator\">\n\t\t\t\t\t\t<\/span>\n\t\t<\/div>\n\t\t\t\t\t\t<\/div>\n\t\t\t\t<\/div>\n\t\t\t\t<div class=\"elementor-element elementor-element-039ff06 elementor-position-left elementor-vertical-align-top elementor-widget elementor-widget-image-box\" data-id=\"039ff06\" data-element_type=\"widget\" data-widget_type=\"image-box.default\">\n\t\t\t\t<div class=\"elementor-widget-container\">\n\t\t\t\t\t<div class=\"elementor-image-box-wrapper\"><figure class=\"elementor-image-box-img\"><a href=\"https:\/\/chdr-ns.com\/pdf\/Mitovi-epohe-socijalizma.pdf\" target=\"_blank\" tabindex=\"-1\"><img loading=\"lazy\" decoding=\"async\" width=\"140\" height=\"132\" src=\"https:\/\/chdr-ns.com\/wp-content\/uploads\/2016\/09\/MitoviEpoheSocijalizma.jpg\" class=\"attachment-full size-full wp-image-8009\" alt=\"\" \/><\/a><\/figure><div class=\"elementor-image-box-content\"><h3 class=\"elementor-image-box-title\"><a href=\"https:\/\/chdr-ns.com\/pdf\/Mitovi-epohe-socijalizma.pdf\" target=\"_blank\">Myths of the era of socialism<\/a><\/h3><p class=\"elementor-image-box-description\">Center for History, Democracy and Reconciliation - Novi Sad (Serbia)<br> Faculty of European Legal and Political Studies, Sremska Kamenica<br> Authors: Ljubi\u0161a Despotovi\u0107, Sr\u0111an \u0160ljuki\u0107, Darko Gavrilovi\u0107, Vjekoslav Perica,\n Mitja Velikonja<\/p><\/div><\/div>\t\t\t\t<\/div>\n\t\t\t\t<\/div>\n\t\t\t\t\t<\/div>\n\t\t<\/div>\n\t\t\t\t\t<\/div>\n\t\t<\/section>\n\t\t\t\t<section class=\"elementor-section elementor-top-section elementor-element elementor-element-5035a4e elementor-section-boxed elementor-section-height-default elementor-section-height-default\" data-id=\"5035a4e\" data-element_type=\"section\">\n\t\t\t\t\t\t<div class=\"elementor-container elementor-column-gap-default\">\n\t\t\t\t\t<div class=\"elementor-column elementor-col-100 elementor-top-column elementor-element elementor-element-ed65dc1\" data-id=\"ed65dc1\" data-element_type=\"column\">\n\t\t\t<div class=\"elementor-widget-wrap elementor-element-populated\">\n\t\t\t\t\t\t<div class=\"elementor-element elementor-element-6d1c1fa elementor-widget-divider--view-line elementor-invisible elementor-widget elementor-widget-divider\" data-id=\"6d1c1fa\" data-element_type=\"widget\" data-settings=\"{&quot;motion_fx_motion_fx_scrolling&quot;:&quot;yes&quot;,&quot;motion_fx_translateX_effect&quot;:&quot;yes&quot;,&quot;motion_fx_translateX_direction&quot;:&quot;negative&quot;,&quot;motion_fx_translateX_speed&quot;:{&quot;unit&quot;:&quot;px&quot;,&quot;size&quot;:0.299999999999999988897769753748434595763683319091796875,&quot;sizes&quot;:[]},&quot;_animation&quot;:&quot;fadeInLeft&quot;,&quot;motion_fx_translateX_affectedRange&quot;:{&quot;unit&quot;:&quot;%&quot;,&quot;size&quot;:&quot;&quot;,&quot;sizes&quot;:{&quot;start&quot;:0,&quot;end&quot;:100}},&quot;motion_fx_devices&quot;:[&quot;desktop&quot;,&quot;tablet&quot;,&quot;mobile&quot;]}\" data-widget_type=\"divider.default\">\n\t\t\t\t<div class=\"elementor-widget-container\">\n\t\t\t\t\t\t\t<div class=\"elementor-divider\">\n\t\t\t<span class=\"elementor-divider-separator\">\n\t\t\t\t\t\t<\/span>\n\t\t<\/div>\n\t\t\t\t\t\t<\/div>\n\t\t\t\t<\/div>\n\t\t\t\t<div class=\"elementor-element elementor-element-7ddb612 elementor-position-left elementor-vertical-align-top elementor-widget elementor-widget-image-box\" data-id=\"7ddb612\" data-element_type=\"widget\" data-widget_type=\"image-box.default\">\n\t\t\t\t<div class=\"elementor-widget-container\">\n\t\t\t\t\t<div class=\"elementor-image-box-wrapper\"><figure class=\"elementor-image-box-img\"><a href=\"https:\/\/chdr-ns.com\/pdf\/Srpsko-hrvatski-odnosi-resavanja-otvorenih-pitanja-Zbornik-radova-2012.pdf\" target=\"_blank\" tabindex=\"-1\"><img loading=\"lazy\" decoding=\"async\" width=\"705\" height=\"1125\" src=\"https:\/\/chdr-ns.com\/wp-content\/uploads\/2023\/03\/zbornik-golubic-2012.jpg\" class=\"attachment-full size-full wp-image-8249\" alt=\"\" srcset=\"https:\/\/chdr-ns.com\/wp-content\/uploads\/2023\/03\/zbornik-golubic-2012.jpg 705w, https:\/\/chdr-ns.com\/wp-content\/uploads\/2023\/03\/zbornik-golubic-2012-188x300.jpg 188w, https:\/\/chdr-ns.com\/wp-content\/uploads\/2023\/03\/zbornik-golubic-2012-642x1024.jpg 642w\" sizes=\"(max-width: 705px) 100vw, 705px\" \/><\/a><\/figure><div class=\"elementor-image-box-content\"><h3 class=\"elementor-image-box-title\"><a href=\"https:\/\/chdr-ns.com\/pdf\/Srpsko-hrvatski-odnosi-resavanja-otvorenih-pitanja-Zbornik-radova-2012.pdf\" target=\"_blank\">Serbian-Croatian relations: solutions to open issues<\/a><\/h3><p class=\"elementor-image-box-description\">Center for History, Democracy and Reconciliation - Novi Sad (Serbia)<br> Association for History, Cooperation and Reconciliation - Obrovac (Croatia)<br> Collective scientific papers, presented at the international scientific conference on Serbian-Croatian relations, in Golubi\u0107 in 2012. years<\/p><\/div><\/div>\t\t\t\t<\/div>\n\t\t\t\t<\/div>\n\t\t\t\t\t<\/div>\n\t\t<\/div>\n\t\t\t\t\t<\/div>\n\t\t<\/section>\n\t\t\t\t<section class=\"elementor-section elementor-top-section elementor-element elementor-element-6faeefa elementor-section-boxed elementor-section-height-default elementor-section-height-default\" data-id=\"6faeefa\" data-element_type=\"section\">\n\t\t\t\t\t\t<div class=\"elementor-container elementor-column-gap-default\">\n\t\t\t\t\t<div class=\"elementor-column elementor-col-100 elementor-top-column elementor-element elementor-element-c47dea4\" data-id=\"c47dea4\" data-element_type=\"column\">\n\t\t\t<div class=\"elementor-widget-wrap elementor-element-populated\">\n\t\t\t\t\t\t<div class=\"elementor-element elementor-element-7b589da elementor-widget-divider--view-line elementor-invisible elementor-widget elementor-widget-divider\" data-id=\"7b589da\" data-element_type=\"widget\" data-settings=\"{&quot;motion_fx_motion_fx_scrolling&quot;:&quot;yes&quot;,&quot;motion_fx_translateX_effect&quot;:&quot;yes&quot;,&quot;motion_fx_translateX_direction&quot;:&quot;negative&quot;,&quot;motion_fx_translateX_speed&quot;:{&quot;unit&quot;:&quot;px&quot;,&quot;size&quot;:0.299999999999999988897769753748434595763683319091796875,&quot;sizes&quot;:[]},&quot;_animation&quot;:&quot;fadeInLeft&quot;,&quot;motion_fx_translateX_affectedRange&quot;:{&quot;unit&quot;:&quot;%&quot;,&quot;size&quot;:&quot;&quot;,&quot;sizes&quot;:{&quot;start&quot;:0,&quot;end&quot;:100}},&quot;motion_fx_devices&quot;:[&quot;desktop&quot;,&quot;tablet&quot;,&quot;mobile&quot;]}\" data-widget_type=\"divider.default\">\n\t\t\t\t<div class=\"elementor-widget-container\">\n\t\t\t\t\t\t\t<div class=\"elementor-divider\">\n\t\t\t<span class=\"elementor-divider-separator\">\n\t\t\t\t\t\t<\/span>\n\t\t<\/div>\n\t\t\t\t\t\t<\/div>\n\t\t\t\t<\/div>\n\t\t\t\t<div class=\"elementor-element elementor-element-de68034 elementor-position-left elementor-vertical-align-top elementor-widget elementor-widget-image-box\" data-id=\"de68034\" data-element_type=\"widget\" data-widget_type=\"image-box.default\">\n\t\t\t\t<div class=\"elementor-widget-container\">\n\t\t\t\t\t<div class=\"elementor-image-box-wrapper\"><figure class=\"elementor-image-box-img\"><img loading=\"lazy\" decoding=\"async\" width=\"705\" height=\"1125\" src=\"https:\/\/chdr-ns.com\/wp-content\/uploads\/2023\/03\/zbornik-kamenica-2010.jpg\" class=\"attachment-full size-full wp-image-8250\" alt=\"\" srcset=\"https:\/\/chdr-ns.com\/wp-content\/uploads\/2023\/03\/zbornik-kamenica-2010.jpg 705w, https:\/\/chdr-ns.com\/wp-content\/uploads\/2023\/03\/zbornik-kamenica-2010-188x300.jpg 188w, https:\/\/chdr-ns.com\/wp-content\/uploads\/2023\/03\/zbornik-kamenica-2010-642x1024.jpg 642w\" sizes=\"(max-width: 705px) 100vw, 705px\" \/><\/figure><div class=\"elementor-image-box-content\"><h3 class=\"elementor-image-box-title\">The Shared History \u2013 Nations, States and Diasporas of the former Yugoslavia<\/h3><p class=\"elementor-image-box-description\">Center for History, Democracy and Reconciliation - Novi Sad (Serbia)<br> Institute for Historical Justice and Reconciliation - The Hague<br> Faculty of European Legal and Political Studies, Sremska Kamenica<br> International Scientific Meeting, 2009, Opatija, Belgrade<\/p><\/div><\/div>\t\t\t\t<\/div>\n\t\t\t\t<\/div>\n\t\t\t\t\t<\/div>\n\t\t<\/div>\n\t\t\t\t\t<\/div>\n\t\t<\/section>\n\t\t\t\t<section class=\"elementor-section elementor-top-section elementor-element elementor-element-13b03e1 elementor-section-boxed elementor-section-height-default elementor-section-height-default\" data-id=\"13b03e1\" data-element_type=\"section\">\n\t\t\t\t\t\t<div class=\"elementor-container elementor-column-gap-default\">\n\t\t\t\t\t<div class=\"elementor-column elementor-col-100 elementor-top-column elementor-element elementor-element-add7997\" data-id=\"add7997\" data-element_type=\"column\">\n\t\t\t<div class=\"elementor-widget-wrap elementor-element-populated\">\n\t\t\t\t\t\t<div class=\"elementor-element elementor-element-7a754f8 elementor-widget-divider--view-line elementor-invisible elementor-widget elementor-widget-divider\" data-id=\"7a754f8\" data-element_type=\"widget\" data-settings=\"{&quot;motion_fx_motion_fx_scrolling&quot;:&quot;yes&quot;,&quot;motion_fx_translateX_effect&quot;:&quot;yes&quot;,&quot;motion_fx_translateX_direction&quot;:&quot;negative&quot;,&quot;motion_fx_translateX_speed&quot;:{&quot;unit&quot;:&quot;px&quot;,&quot;size&quot;:0.299999999999999988897769753748434595763683319091796875,&quot;sizes&quot;:[]},&quot;_animation&quot;:&quot;fadeInLeft&quot;,&quot;motion_fx_translateX_affectedRange&quot;:{&quot;unit&quot;:&quot;%&quot;,&quot;size&quot;:&quot;&quot;,&quot;sizes&quot;:{&quot;start&quot;:0,&quot;end&quot;:100}},&quot;motion_fx_devices&quot;:[&quot;desktop&quot;,&quot;tablet&quot;,&quot;mobile&quot;]}\" data-widget_type=\"divider.default\">\n\t\t\t\t<div class=\"elementor-widget-container\">\n\t\t\t\t\t\t\t<div class=\"elementor-divider\">\n\t\t\t<span class=\"elementor-divider-separator\">\n\t\t\t\t\t\t<\/span>\n\t\t<\/div>\n\t\t\t\t\t\t<\/div>\n\t\t\t\t<\/div>\n\t\t\t\t<div class=\"elementor-element elementor-element-1a45497 elementor-position-left elementor-vertical-align-top elementor-widget elementor-widget-image-box\" data-id=\"1a45497\" data-element_type=\"widget\" data-widget_type=\"image-box.default\">\n\t\t\t\t<div class=\"elementor-widget-container\">\n\t\t\t\t\t<div class=\"elementor-image-box-wrapper\"><figure class=\"elementor-image-box-img\"><img loading=\"lazy\" decoding=\"async\" width=\"705\" height=\"1125\" src=\"https:\/\/chdr-ns.com\/wp-content\/uploads\/2023\/03\/opatija.jpg\" class=\"attachment-full size-full wp-image-8251\" alt=\"\" srcset=\"https:\/\/chdr-ns.com\/wp-content\/uploads\/2023\/03\/opatija.jpg 705w, https:\/\/chdr-ns.com\/wp-content\/uploads\/2023\/03\/opatija-188x300.jpg 188w, https:\/\/chdr-ns.com\/wp-content\/uploads\/2023\/03\/opatija-642x1024.jpg 642w\" sizes=\"(max-width: 705px) 100vw, 705px\" \/><\/figure><div class=\"elementor-image-box-content\"><h3 class=\"elementor-image-box-title\">Facing the Past, Searching for the Future: The History of Yugoslavia in the 20th century<\/h3><p class=\"elementor-image-box-description\">Center for History, Democracy and Reconciliation - Novi Sad (Serbia)<br> Institute for Historical Justice and Reconciliation - The Hague<br> Faculty of European Legal and Political Studies, Sremska Kamenica<br> International Scientific Meeting, 2009, Sremska Kamenica<\/p><\/div><\/div>\t\t\t\t<\/div>\n\t\t\t\t<\/div>\n\t\t\t\t\t<\/div>\n\t\t<\/div>\n\t\t\t\t\t<\/div>\n\t\t<\/section>\n\t\t\t\t<section class=\"elementor-section elementor-top-section elementor-element elementor-element-4ee5418 elementor-section-boxed elementor-section-height-default elementor-section-height-default\" data-id=\"4ee5418\" data-element_type=\"section\">\n\t\t\t\t\t\t<div class=\"elementor-container elementor-column-gap-default\">\n\t\t\t\t\t<div class=\"elementor-column elementor-col-100 elementor-top-column elementor-element elementor-element-55d277e\" data-id=\"55d277e\" data-element_type=\"column\">\n\t\t\t<div class=\"elementor-widget-wrap elementor-element-populated\">\n\t\t\t\t\t\t<div class=\"elementor-element elementor-element-cea02ba elementor-widget-divider--view-line elementor-invisible elementor-widget elementor-widget-divider\" data-id=\"cea02ba\" data-element_type=\"widget\" data-settings=\"{&quot;motion_fx_motion_fx_scrolling&quot;:&quot;yes&quot;,&quot;motion_fx_translateX_effect&quot;:&quot;yes&quot;,&quot;motion_fx_translateX_direction&quot;:&quot;negative&quot;,&quot;motion_fx_translateX_speed&quot;:{&quot;unit&quot;:&quot;px&quot;,&quot;size&quot;:0.299999999999999988897769753748434595763683319091796875,&quot;sizes&quot;:[]},&quot;_animation&quot;:&quot;fadeInLeft&quot;,&quot;motion_fx_translateX_affectedRange&quot;:{&quot;unit&quot;:&quot;%&quot;,&quot;size&quot;:&quot;&quot;,&quot;sizes&quot;:{&quot;start&quot;:0,&quot;end&quot;:100}},&quot;motion_fx_devices&quot;:[&quot;desktop&quot;,&quot;tablet&quot;,&quot;mobile&quot;]}\" data-widget_type=\"divider.default\">\n\t\t\t\t<div class=\"elementor-widget-container\">\n\t\t\t\t\t\t\t<div class=\"elementor-divider\">\n\t\t\t<span class=\"elementor-divider-separator\">\n\t\t\t\t\t\t<\/span>\n\t\t<\/div>\n\t\t\t\t\t\t<\/div>\n\t\t\t\t<\/div>\n\t\t\t\t<div class=\"elementor-element elementor-element-c076496 elementor-position-left elementor-vertical-align-top elementor-widget elementor-widget-image-box\" data-id=\"c076496\" data-element_type=\"widget\" data-widget_type=\"image-box.default\">\n\t\t\t\t<div class=\"elementor-widget-container\">\n\t\t\t\t\t<div class=\"elementor-image-box-wrapper\"><figure class=\"elementor-image-box-img\"><img loading=\"lazy\" decoding=\"async\" width=\"705\" height=\"1125\" src=\"https:\/\/chdr-ns.com\/wp-content\/uploads\/2023\/03\/the-myth-works.jpg\" class=\"attachment-full size-full wp-image-8252\" alt=\"\" srcset=\"https:\/\/chdr-ns.com\/wp-content\/uploads\/2023\/03\/the-myth-works.jpg 705w, https:\/\/chdr-ns.com\/wp-content\/uploads\/2023\/03\/the-myth-works-188x300.jpg 188w, https:\/\/chdr-ns.com\/wp-content\/uploads\/2023\/03\/the-myth-works-642x1024.jpg 642w\" sizes=\"(max-width: 705px) 100vw, 705px\" \/><\/figure><div class=\"elementor-image-box-content\"><h3 class=\"elementor-image-box-title\">The Myth Works: The Serbian National Myths<\/h3><p class=\"elementor-image-box-description\">Center for History, Democracy and Reconciliation - Novi Sad (Serbia)<br> Faculty of European Legal and Political Studies, Sremska Kamenica<br> Authors: Darko Gavrilovi\u0107, Ljubi\u0161a Despotovi\u0107, Srdjan \u0160ljuki\u0107<\/p><\/div><\/div>\t\t\t\t<\/div>\n\t\t\t\t<\/div>\n\t\t\t\t\t<\/div>\n\t\t<\/div>\n\t\t\t\t\t<\/div>\n\t\t<\/section>\n\t\t\t\t<section class=\"elementor-section elementor-top-section elementor-element elementor-element-d01cd98 elementor-section-boxed elementor-section-height-default elementor-section-height-default\" data-id=\"d01cd98\" data-element_type=\"section\">\n\t\t\t\t\t\t<div class=\"elementor-container elementor-column-gap-default\">\n\t\t\t\t\t<div class=\"elementor-column elementor-col-100 elementor-top-column elementor-element elementor-element-d383cae\" data-id=\"d383cae\" data-element_type=\"column\">\n\t\t\t<div class=\"elementor-widget-wrap elementor-element-populated\">\n\t\t\t\t\t\t<div class=\"elementor-element elementor-element-f28dd1e elementor-widget-divider--view-line elementor-invisible elementor-widget elementor-widget-divider\" data-id=\"f28dd1e\" data-element_type=\"widget\" data-settings=\"{&quot;motion_fx_motion_fx_scrolling&quot;:&quot;yes&quot;,&quot;motion_fx_translateX_effect&quot;:&quot;yes&quot;,&quot;motion_fx_translateX_direction&quot;:&quot;negative&quot;,&quot;motion_fx_translateX_speed&quot;:{&quot;unit&quot;:&quot;px&quot;,&quot;size&quot;:0.299999999999999988897769753748434595763683319091796875,&quot;sizes&quot;:[]},&quot;_animation&quot;:&quot;fadeInLeft&quot;,&quot;motion_fx_translateX_affectedRange&quot;:{&quot;unit&quot;:&quot;%&quot;,&quot;size&quot;:&quot;&quot;,&quot;sizes&quot;:{&quot;start&quot;:0,&quot;end&quot;:100}},&quot;motion_fx_devices&quot;:[&quot;desktop&quot;,&quot;tablet&quot;,&quot;mobile&quot;]}\" data-widget_type=\"divider.default\">\n\t\t\t\t<div class=\"elementor-widget-container\">\n\t\t\t\t\t\t\t<div class=\"elementor-divider\">\n\t\t\t<span class=\"elementor-divider-separator\">\n\t\t\t\t\t\t<\/span>\n\t\t<\/div>\n\t\t\t\t\t\t<\/div>\n\t\t\t\t<\/div>\n\t\t\t\t<div class=\"elementor-element elementor-element-cdafef4 elementor-position-left elementor-vertical-align-top elementor-widget elementor-widget-image-box\" data-id=\"cdafef4\" data-element_type=\"widget\" data-widget_type=\"image-box.default\">\n\t\t\t\t<div class=\"elementor-widget-container\">\n\t\t\t\t\t<div class=\"elementor-image-box-wrapper\"><figure class=\"elementor-image-box-img\"><img loading=\"lazy\" decoding=\"async\" width=\"705\" height=\"1125\" src=\"https:\/\/chdr-ns.com\/wp-content\/uploads\/2023\/03\/kamenica-2008.jpg\" class=\"attachment-full size-full wp-image-8254\" alt=\"\" srcset=\"https:\/\/chdr-ns.com\/wp-content\/uploads\/2023\/03\/kamenica-2008.jpg 705w, https:\/\/chdr-ns.com\/wp-content\/uploads\/2023\/03\/kamenica-2008-188x300.jpg 188w, https:\/\/chdr-ns.com\/wp-content\/uploads\/2023\/03\/kamenica-2008-642x1024.jpg 642w\" sizes=\"(max-width: 705px) 100vw, 705px\" \/><\/figure><div class=\"elementor-image-box-content\"><h3 class=\"elementor-image-box-title\">The Shared History \u2013 The Faith of Refugees and Emigrants from the Territory of Former Yugoslavia<\/h3><p class=\"elementor-image-box-description\">Center for History, Democracy and Reconciliation - Novi Sad (Serbia)<br> Institute for historical justice and reconciliation - Salzburg<br> Faculty of European Legal and Political Studies, Sremska Kamenica<br> International Scientific Meeting, 2008. Sremska Kamenica<\/p><\/div><\/div>\t\t\t\t<\/div>\n\t\t\t\t<\/div>\n\t\t\t\t\t<\/div>\n\t\t<\/div>\n\t\t\t\t\t<\/div>\n\t\t<\/section>\n\t\t\t\t<section class=\"elementor-section elementor-top-section elementor-element elementor-element-3d7bcc9 elementor-section-boxed elementor-section-height-default elementor-section-height-default\" data-id=\"3d7bcc9\" data-element_type=\"section\">\n\t\t\t\t\t\t<div class=\"elementor-container elementor-column-gap-default\">\n\t\t\t\t\t<div class=\"elementor-column elementor-col-100 elementor-top-column elementor-element elementor-element-b529492\" data-id=\"b529492\" data-element_type=\"column\">\n\t\t\t<div class=\"elementor-widget-wrap elementor-element-populated\">\n\t\t\t\t\t\t<div class=\"elementor-element elementor-element-d4d458b elementor-widget-divider--view-line elementor-invisible elementor-widget elementor-widget-divider\" data-id=\"d4d458b\" data-element_type=\"widget\" data-settings=\"{&quot;motion_fx_motion_fx_scrolling&quot;:&quot;yes&quot;,&quot;motion_fx_translateX_effect&quot;:&quot;yes&quot;,&quot;motion_fx_translateX_direction&quot;:&quot;negative&quot;,&quot;motion_fx_translateX_speed&quot;:{&quot;unit&quot;:&quot;px&quot;,&quot;size&quot;:0.299999999999999988897769753748434595763683319091796875,&quot;sizes&quot;:[]},&quot;_animation&quot;:&quot;fadeInLeft&quot;,&quot;motion_fx_translateX_affectedRange&quot;:{&quot;unit&quot;:&quot;%&quot;,&quot;size&quot;:&quot;&quot;,&quot;sizes&quot;:{&quot;start&quot;:0,&quot;end&quot;:100}},&quot;motion_fx_devices&quot;:[&quot;desktop&quot;,&quot;tablet&quot;,&quot;mobile&quot;]}\" data-widget_type=\"divider.default\">\n\t\t\t\t<div class=\"elementor-widget-container\">\n\t\t\t\t\t\t\t<div class=\"elementor-divider\">\n\t\t\t<span class=\"elementor-divider-separator\">\n\t\t\t\t\t\t<\/span>\n\t\t<\/div>\n\t\t\t\t\t\t<\/div>\n\t\t\t\t<\/div>\n\t\t\t\t<div class=\"elementor-element elementor-element-0c42c4b elementor-position-left elementor-vertical-align-top elementor-widget elementor-widget-image-box\" data-id=\"0c42c4b\" data-element_type=\"widget\" data-widget_type=\"image-box.default\">\n\t\t\t\t<div class=\"elementor-widget-container\">\n\t\t\t\t\t<div class=\"elementor-image-box-wrapper\"><figure class=\"elementor-image-box-img\"><a href=\"https:\/\/chdr-ns.com\/pdf\/Mitovi-nacionalizma-i-demokratija.pdf\" tabindex=\"-1\"><img loading=\"lazy\" decoding=\"async\" width=\"705\" height=\"1125\" src=\"https:\/\/chdr-ns.com\/wp-content\/uploads\/2023\/03\/Mitovi-nacizma-i-demokratija.jpg\" class=\"attachment-full size-full wp-image-8253\" alt=\"\" srcset=\"https:\/\/chdr-ns.com\/wp-content\/uploads\/2023\/03\/Mitovi-nacizma-i-demokratija.jpg 705w, https:\/\/chdr-ns.com\/wp-content\/uploads\/2023\/03\/Mitovi-nacizma-i-demokratija-188x300.jpg 188w, https:\/\/chdr-ns.com\/wp-content\/uploads\/2023\/03\/Mitovi-nacizma-i-demokratija-642x1024.jpg 642w\" sizes=\"(max-width: 705px) 100vw, 705px\" \/><\/a><\/figure><div class=\"elementor-image-box-content\"><h3 class=\"elementor-image-box-title\"><a href=\"https:\/\/chdr-ns.com\/pdf\/Mitovi-nacionalizma-i-demokratija.pdf\">Myths of nationalism and democracy  <\/a><\/h3><p class=\"elementor-image-box-description\">Center for History, Democracy and Reconciliation - Novi Sad (Serbia)<br> Faculty of European Legal and Political Studies, Sremska Kamenica<br> Authors: Darko Gavrilovi\u0107, Ljubi\u0161a Despotovi\u0107, Vjekoslav Perica Srdjan \u0160ljuki\u0107<\/p><\/div><\/div>\t\t\t\t<\/div>\n\t\t\t\t<\/div>\n\t\t\t\t\t<\/div>\n\t\t<\/div>\n\t\t\t\t\t<\/div>\n\t\t<\/section>\n\t\t\t\t<section class=\"elementor-section elementor-top-section elementor-element elementor-element-6992cd6 elementor-section-boxed elementor-section-height-default elementor-section-height-default\" data-id=\"6992cd6\" data-element_type=\"section\">\n\t\t\t\t\t\t<div class=\"elementor-container elementor-column-gap-default\">\n\t\t\t\t\t<div class=\"elementor-column elementor-col-100 elementor-top-column elementor-element elementor-element-f6467cc\" data-id=\"f6467cc\" data-element_type=\"column\">\n\t\t\t<div class=\"elementor-widget-wrap elementor-element-populated\">\n\t\t\t\t\t\t<div class=\"elementor-element elementor-element-5395e59 elementor-widget-divider--view-line elementor-invisible elementor-widget elementor-widget-divider\" data-id=\"5395e59\" data-element_type=\"widget\" data-settings=\"{&quot;motion_fx_motion_fx_scrolling&quot;:&quot;yes&quot;,&quot;motion_fx_translateX_effect&quot;:&quot;yes&quot;,&quot;motion_fx_translateX_direction&quot;:&quot;negative&quot;,&quot;motion_fx_translateX_speed&quot;:{&quot;unit&quot;:&quot;px&quot;,&quot;size&quot;:0.299999999999999988897769753748434595763683319091796875,&quot;sizes&quot;:[]},&quot;_animation&quot;:&quot;fadeInLeft&quot;,&quot;motion_fx_translateX_affectedRange&quot;:{&quot;unit&quot;:&quot;%&quot;,&quot;size&quot;:&quot;&quot;,&quot;sizes&quot;:{&quot;start&quot;:0,&quot;end&quot;:100}},&quot;motion_fx_devices&quot;:[&quot;desktop&quot;,&quot;tablet&quot;,&quot;mobile&quot;]}\" data-widget_type=\"divider.default\">\n\t\t\t\t<div class=\"elementor-widget-container\">\n\t\t\t\t\t\t\t<div class=\"elementor-divider\">\n\t\t\t<span class=\"elementor-divider-separator\">\n\t\t\t\t\t\t<\/span>\n\t\t<\/div>\n\t\t\t\t\t\t<\/div>\n\t\t\t\t<\/div>\n\t\t\t\t<div class=\"elementor-element elementor-element-6d9150c elementor-position-left elementor-vertical-align-top elementor-widget elementor-widget-image-box\" data-id=\"6d9150c\" data-element_type=\"widget\" data-widget_type=\"image-box.default\">\n\t\t\t\t<div class=\"elementor-widget-container\">\n\t\t\t\t\t<div class=\"elementor-image-box-wrapper\"><figure class=\"elementor-image-box-img\"><img loading=\"lazy\" decoding=\"async\" width=\"705\" height=\"1125\" src=\"https:\/\/chdr-ns.com\/wp-content\/uploads\/2023\/03\/zbornik-golubic-2008.jpg\" class=\"attachment-full size-full wp-image-8255\" alt=\"\" srcset=\"https:\/\/chdr-ns.com\/wp-content\/uploads\/2023\/03\/zbornik-golubic-2008.jpg 705w, https:\/\/chdr-ns.com\/wp-content\/uploads\/2023\/03\/zbornik-golubic-2008-188x300.jpg 188w, https:\/\/chdr-ns.com\/wp-content\/uploads\/2023\/03\/zbornik-golubic-2008-642x1024.jpg 642w\" sizes=\"(max-width: 705px) 100vw, 705px\" \/><\/figure><div class=\"elementor-image-box-content\"><h3 class=\"elementor-image-box-title\">Serbo-Croat Relations in the 20th century - The Past and the Perspective<\/h3><p class=\"elementor-image-box-description\">Center for History, Democracy and Reconciliation - Novi Sad (Serbia)<br> Institute for historical justice and reconciliation - Salzburg<br> International Scientific Meeting, 2008. Golubi\u0107 (Obrovac) \u2013 Kornati<\/p><\/div><\/div>\t\t\t\t<\/div>\n\t\t\t\t<\/div>\n\t\t\t\t\t<\/div>\n\t\t<\/div>\n\t\t\t\t\t<\/div>\n\t\t<\/section>\n\t\t\t\t<section class=\"elementor-section elementor-top-section elementor-element elementor-element-e33e62d elementor-section-boxed elementor-section-height-default elementor-section-height-default\" data-id=\"e33e62d\" data-element_type=\"section\">\n\t\t\t\t\t\t<div class=\"elementor-container elementor-column-gap-default\">\n\t\t\t\t\t<div class=\"elementor-column elementor-col-100 elementor-top-column elementor-element elementor-element-b701cea\" data-id=\"b701cea\" data-element_type=\"column\">\n\t\t\t<div class=\"elementor-widget-wrap elementor-element-populated\">\n\t\t\t\t\t\t<div class=\"elementor-element elementor-element-fa3bad5 elementor-widget-divider--view-line elementor-invisible elementor-widget elementor-widget-divider\" data-id=\"fa3bad5\" data-element_type=\"widget\" data-settings=\"{&quot;motion_fx_motion_fx_scrolling&quot;:&quot;yes&quot;,&quot;motion_fx_translateX_effect&quot;:&quot;yes&quot;,&quot;motion_fx_translateX_direction&quot;:&quot;negative&quot;,&quot;motion_fx_translateX_speed&quot;:{&quot;unit&quot;:&quot;px&quot;,&quot;size&quot;:0.299999999999999988897769753748434595763683319091796875,&quot;sizes&quot;:[]},&quot;_animation&quot;:&quot;fadeInLeft&quot;,&quot;motion_fx_translateX_affectedRange&quot;:{&quot;unit&quot;:&quot;%&quot;,&quot;size&quot;:&quot;&quot;,&quot;sizes&quot;:{&quot;start&quot;:0,&quot;end&quot;:100}},&quot;motion_fx_devices&quot;:[&quot;desktop&quot;,&quot;tablet&quot;,&quot;mobile&quot;]}\" data-widget_type=\"divider.default\">\n\t\t\t\t<div class=\"elementor-widget-container\">\n\t\t\t\t\t\t\t<div class=\"elementor-divider\">\n\t\t\t<span class=\"elementor-divider-separator\">\n\t\t\t\t\t\t<\/span>\n\t\t<\/div>\n\t\t\t\t\t\t<\/div>\n\t\t\t\t<\/div>\n\t\t\t\t<div class=\"elementor-element elementor-element-8e6cbb4 elementor-position-left elementor-vertical-align-top elementor-widget elementor-widget-image-box\" data-id=\"8e6cbb4\" data-element_type=\"widget\" data-widget_type=\"image-box.default\">\n\t\t\t\t<div class=\"elementor-widget-container\">\n\t\t\t\t\t<div class=\"elementor-image-box-wrapper\"><figure class=\"elementor-image-box-img\"><img loading=\"lazy\" decoding=\"async\" width=\"705\" height=\"1125\" src=\"https:\/\/chdr-ns.com\/wp-content\/uploads\/2023\/03\/novi-sad-2008.jpg\" class=\"attachment-full size-full wp-image-8256\" alt=\"\" srcset=\"https:\/\/chdr-ns.com\/wp-content\/uploads\/2023\/03\/novi-sad-2008.jpg 705w, https:\/\/chdr-ns.com\/wp-content\/uploads\/2023\/03\/novi-sad-2008-188x300.jpg 188w, https:\/\/chdr-ns.com\/wp-content\/uploads\/2023\/03\/novi-sad-2008-642x1024.jpg 642w\" sizes=\"(max-width: 705px) 100vw, 705px\" \/><\/figure><div class=\"elementor-image-box-content\"><h3 class=\"elementor-image-box-title\">Myths and Stereotypes of the Nationalism and Communism in ex Yugoslavia<\/h3><p class=\"elementor-image-box-description\">Center for History, Democracy and Reconciliation - Novi Sad (Serbia)<br> Institute for historical justice and reconciliation - Salzburg<br> International Scientific Meeting, 2008. Novi Sad<\/p><\/div><\/div>\t\t\t\t<\/div>\n\t\t\t\t<\/div>\n\t\t\t\t\t<\/div>\n\t\t<\/div>\n\t\t\t\t\t<\/div>\n\t\t<\/section>\n\t\t\t\t<section class=\"elementor-section elementor-top-section elementor-element elementor-element-fcfc913 elementor-section-boxed elementor-section-height-default elementor-section-height-default\" data-id=\"fcfc913\" data-element_type=\"section\">\n\t\t\t\t\t\t<div class=\"elementor-container elementor-column-gap-default\">\n\t\t\t\t\t<div class=\"elementor-column elementor-col-100 elementor-top-column elementor-element elementor-element-48b0d3a\" data-id=\"48b0d3a\" data-element_type=\"column\">\n\t\t\t<div class=\"elementor-widget-wrap elementor-element-populated\">\n\t\t\t\t\t\t<div class=\"elementor-element elementor-element-c5dce8e elementor-widget-divider--view-line elementor-invisible elementor-widget elementor-widget-divider\" data-id=\"c5dce8e\" data-element_type=\"widget\" data-settings=\"{&quot;motion_fx_motion_fx_scrolling&quot;:&quot;yes&quot;,&quot;motion_fx_translateX_effect&quot;:&quot;yes&quot;,&quot;motion_fx_translateX_direction&quot;:&quot;negative&quot;,&quot;motion_fx_translateX_speed&quot;:{&quot;unit&quot;:&quot;px&quot;,&quot;size&quot;:0.299999999999999988897769753748434595763683319091796875,&quot;sizes&quot;:[]},&quot;_animation&quot;:&quot;fadeInLeft&quot;,&quot;motion_fx_translateX_affectedRange&quot;:{&quot;unit&quot;:&quot;%&quot;,&quot;size&quot;:&quot;&quot;,&quot;sizes&quot;:{&quot;start&quot;:0,&quot;end&quot;:100}},&quot;motion_fx_devices&quot;:[&quot;desktop&quot;,&quot;tablet&quot;,&quot;mobile&quot;]}\" data-widget_type=\"divider.default\">\n\t\t\t\t<div class=\"elementor-widget-container\">\n\t\t\t\t\t\t\t<div class=\"elementor-divider\">\n\t\t\t<span class=\"elementor-divider-separator\">\n\t\t\t\t\t\t<\/span>\n\t\t<\/div>\n\t\t\t\t\t\t<\/div>\n\t\t\t\t<\/div>\n\t\t\t\t<div class=\"elementor-element elementor-element-7894d64 elementor-position-left elementor-vertical-align-top elementor-widget elementor-widget-image-box\" data-id=\"7894d64\" data-element_type=\"widget\" data-widget_type=\"image-box.default\">\n\t\t\t\t<div class=\"elementor-widget-container\">\n\t\t\t\t\t<div class=\"elementor-image-box-wrapper\"><figure class=\"elementor-image-box-img\"><img loading=\"lazy\" decoding=\"async\" width=\"705\" height=\"1125\" src=\"https:\/\/chdr-ns.com\/wp-content\/uploads\/2023\/03\/sevilja-2008.jpg\" class=\"attachment-full size-full wp-image-8257\" alt=\"\" srcset=\"https:\/\/chdr-ns.com\/wp-content\/uploads\/2023\/03\/sevilja-2008.jpg 705w, https:\/\/chdr-ns.com\/wp-content\/uploads\/2023\/03\/sevilja-2008-188x300.jpg 188w, https:\/\/chdr-ns.com\/wp-content\/uploads\/2023\/03\/sevilja-2008-642x1024.jpg 642w\" sizes=\"(max-width: 705px) 100vw, 705px\" \/><\/figure><div class=\"elementor-image-box-content\"><h3 class=\"elementor-image-box-title\">The Shared History and Second World War and National Question in former Yugoslavia<\/h3><p class=\"elementor-image-box-description\">Center for History, Democracy and Reconciliation - Novi Sad (Serbia)<br> Institute for historical justice and reconciliation - Salzburg<br> International Scientific Meeting, 2008. Sevilla<\/p><\/div><\/div>\t\t\t\t<\/div>\n\t\t\t\t<\/div>\n\t\t\t\t\t<\/div>\n\t\t<\/div>\n\t\t\t\t\t<\/div>\n\t\t<\/section>\n\t\t\t\t<\/div>\n\t\t","protected":false},"excerpt":{"rendered":"<p>Publications Center for History, Democracy and Reconciliation Publications of the Center for History, Democracy and Reconciliation in PDF format After each held international meeting, CHDR publishes its publication in the form of a collection of scientific papers. The publication &#8220;Serbian-Croatian relations in the 20th century&#8221; has been published for 15 years in a row. We [&hellip;]<\/p>\n","protected":false},"author":1,"featured_media":8259,"parent":0,"menu_order":0,"comment_status":"closed","ping_status":"closed","template":"","meta":{"footnotes":""},"class_list":["post-8236","page","type-page","status-publish","has-post-thumbnail","hentry"],"yoast_head":"<!-- This site is optimized with the Yoast SEO plugin v26.7 - https:\/\/yoast.com\/wordpress\/plugins\/seo\/ -->\n<title>Publications | Centar za istoriju demokratiju i pomirenje-CHDR<\/title>\n<meta name=\"description\" content=\"Every year CHDR publishes a collection of scientific papers &quot;Serbian-Croatian relations in the 20th century&quot;. You can download the publication for free on our website\" \/>\n<meta name=\"robots\" content=\"index, follow, max-snippet:-1, max-image-preview:large, max-video-preview:-1\" \/>\n<link rel=\"canonical\" href=\"https:\/\/chdr-ns.com\/en\/publications\/\" \/>\n<meta property=\"og:locale\" content=\"en_US\" \/>\n<meta property=\"og:type\" content=\"article\" \/>\n<meta property=\"og:title\" content=\"Publications | Centar za istoriju demokratiju i pomirenje-CHDR\" \/>\n<meta property=\"og:description\" content=\"Every year CHDR publishes a collection of scientific papers &quot;Serbian-Croatian relations in the 20th century&quot;. You can download the publication for free on our website\" \/>\n<meta property=\"og:url\" content=\"https:\/\/chdr-ns.com\/en\/publications\/\" \/>\n<meta property=\"og:site_name\" content=\"Centar za istoriju demokratiju i pomirenje-CHDR\" \/>\n<meta property=\"article:publisher\" content=\"https:\/\/www.facebook.com\/centerforhistoryandreconciliation\" \/>\n<meta property=\"article:modified_time\" content=\"2025-09-30T12:28:56+00:00\" \/>\n<meta property=\"og:image\" content=\"https:\/\/chdr-ns.com\/wp-content\/uploads\/2023\/03\/publication.jpg\" \/>\n\t<meta property=\"og:image:width\" content=\"1080\" \/>\n\t<meta property=\"og:image:height\" content=\"1080\" \/>\n\t<meta property=\"og:image:type\" content=\"image\/jpeg\" \/>\n<meta name=\"twitter:card\" content=\"summary_large_image\" \/>\n<meta name=\"twitter:label1\" content=\"Est. reading time\" \/>\n\t<meta name=\"twitter:data1\" content=\"5 minutes\" \/>\n<script type=\"application\/ld+json\" class=\"yoast-schema-graph\">{\"@context\":\"https:\/\/schema.org\",\"@graph\":[{\"@type\":\"WebPage\",\"@id\":\"https:\/\/chdr-ns.com\/en\/publications\/\",\"url\":\"https:\/\/chdr-ns.com\/en\/publications\/\",\"name\":\"Publications | Centar za istoriju demokratiju i pomirenje-CHDR\",\"isPartOf\":{\"@id\":\"https:\/\/chdr-ns.com\/en\/#website\"},\"primaryImageOfPage\":{\"@id\":\"https:\/\/chdr-ns.com\/en\/publications\/#primaryimage\"},\"image\":{\"@id\":\"https:\/\/chdr-ns.com\/en\/publications\/#primaryimage\"},\"thumbnailUrl\":\"https:\/\/chdr-ns.com\/wp-content\/uploads\/2023\/03\/publication.jpg\",\"datePublished\":\"2007-07-27T09:08:00+00:00\",\"dateModified\":\"2025-09-30T12:28:56+00:00\",\"description\":\"Every year CHDR publishes a collection of scientific papers \\\"Serbian-Croatian relations in the 20th century\\\". You can download the publication for free on our website\",\"breadcrumb\":{\"@id\":\"https:\/\/chdr-ns.com\/en\/publications\/#breadcrumb\"},\"inLanguage\":\"en-US\",\"potentialAction\":[{\"@type\":\"ReadAction\",\"target\":[\"https:\/\/chdr-ns.com\/en\/publications\/\"]}]},{\"@type\":\"ImageObject\",\"inLanguage\":\"en-US\",\"@id\":\"https:\/\/chdr-ns.com\/en\/publications\/#primaryimage\",\"url\":\"https:\/\/chdr-ns.com\/wp-content\/uploads\/2023\/03\/publication.jpg\",\"contentUrl\":\"https:\/\/chdr-ns.com\/wp-content\/uploads\/2023\/03\/publication.jpg\",\"width\":1080,\"height\":1080},{\"@type\":\"BreadcrumbList\",\"@id\":\"https:\/\/chdr-ns.com\/en\/publications\/#breadcrumb\",\"itemListElement\":[{\"@type\":\"ListItem\",\"position\":1,\"name\":\"Home\",\"item\":\"https:\/\/chdr-ns.com\/en\/home-page\/\"},{\"@type\":\"ListItem\",\"position\":2,\"name\":\"Publications\"}]},{\"@type\":\"WebSite\",\"@id\":\"https:\/\/chdr-ns.com\/en\/#website\",\"url\":\"https:\/\/chdr-ns.com\/en\/\",\"name\":\"Centar za istoriju demokratiju i pomirenje-CHDR\",\"description\":\"CHDR je nevladina, neprofitna i nestrana\u010dka organizacija\",\"publisher\":{\"@id\":\"https:\/\/chdr-ns.com\/en\/#organization\"},\"alternateName\":\"CHDR\",\"potentialAction\":[{\"@type\":\"SearchAction\",\"target\":{\"@type\":\"EntryPoint\",\"urlTemplate\":\"https:\/\/chdr-ns.com\/en\/?s={search_term_string}\"},\"query-input\":{\"@type\":\"PropertyValueSpecification\",\"valueRequired\":true,\"valueName\":\"search_term_string\"}}],\"inLanguage\":\"en-US\"},{\"@type\":\"Organization\",\"@id\":\"https:\/\/chdr-ns.com\/en\/#organization\",\"name\":\"Centar za istoriju, demokratiju i pomirenje\",\"alternateName\":\"CHDR\",\"url\":\"https:\/\/chdr-ns.com\/en\/\",\"logo\":{\"@type\":\"ImageObject\",\"inLanguage\":\"en-US\",\"@id\":\"https:\/\/chdr-ns.com\/en\/#\/schema\/logo\/image\/\",\"url\":\"https:\/\/chdr-ns.com\/wp-content\/uploads\/2023\/02\/chdr-logo-2.png\",\"contentUrl\":\"https:\/\/chdr-ns.com\/wp-content\/uploads\/2023\/02\/chdr-logo-2.png\",\"width\":350,\"height\":100,\"caption\":\"Centar za istoriju, demokratiju i pomirenje\"},\"image\":{\"@id\":\"https:\/\/chdr-ns.com\/en\/#\/schema\/logo\/image\/\"},\"sameAs\":[\"https:\/\/www.facebook.com\/centerforhistoryandreconciliation\"]}]}<\/script>\n<!-- \/ Yoast SEO plugin. -->","yoast_head_json":{"title":"Publications | Centar za istoriju demokratiju i pomirenje-CHDR","description":"Every year CHDR publishes a collection of scientific papers \"Serbian-Croatian relations in the 20th century\". You can download the publication for free on our website","robots":{"index":"index","follow":"follow","max-snippet":"max-snippet:-1","max-image-preview":"max-image-preview:large","max-video-preview":"max-video-preview:-1"},"canonical":"https:\/\/chdr-ns.com\/en\/publications\/","og_locale":"en_US","og_type":"article","og_title":"Publications | Centar za istoriju demokratiju i pomirenje-CHDR","og_description":"Every year CHDR publishes a collection of scientific papers \"Serbian-Croatian relations in the 20th century\". You can download the publication for free on our website","og_url":"https:\/\/chdr-ns.com\/en\/publications\/","og_site_name":"Centar za istoriju demokratiju i pomirenje-CHDR","article_publisher":"https:\/\/www.facebook.com\/centerforhistoryandreconciliation","article_modified_time":"2025-09-30T12:28:56+00:00","og_image":[{"width":1080,"height":1080,"url":"https:\/\/chdr-ns.com\/wp-content\/uploads\/2023\/03\/publication.jpg","type":"image\/jpeg"}],"twitter_card":"summary_large_image","twitter_misc":{"Est. reading time":"5 minutes"},"schema":{"@context":"https:\/\/schema.org","@graph":[{"@type":"WebPage","@id":"https:\/\/chdr-ns.com\/en\/publications\/","url":"https:\/\/chdr-ns.com\/en\/publications\/","name":"Publications | Centar za istoriju demokratiju i pomirenje-CHDR","isPartOf":{"@id":"https:\/\/chdr-ns.com\/en\/#website"},"primaryImageOfPage":{"@id":"https:\/\/chdr-ns.com\/en\/publications\/#primaryimage"},"image":{"@id":"https:\/\/chdr-ns.com\/en\/publications\/#primaryimage"},"thumbnailUrl":"https:\/\/chdr-ns.com\/wp-content\/uploads\/2023\/03\/publication.jpg","datePublished":"2007-07-27T09:08:00+00:00","dateModified":"2025-09-30T12:28:56+00:00","description":"Every year CHDR publishes a collection of scientific papers \"Serbian-Croatian relations in the 20th century\". You can download the publication for free on our website","breadcrumb":{"@id":"https:\/\/chdr-ns.com\/en\/publications\/#breadcrumb"},"inLanguage":"en-US","potentialAction":[{"@type":"ReadAction","target":["https:\/\/chdr-ns.com\/en\/publications\/"]}]},{"@type":"ImageObject","inLanguage":"en-US","@id":"https:\/\/chdr-ns.com\/en\/publications\/#primaryimage","url":"https:\/\/chdr-ns.com\/wp-content\/uploads\/2023\/03\/publication.jpg","contentUrl":"https:\/\/chdr-ns.com\/wp-content\/uploads\/2023\/03\/publication.jpg","width":1080,"height":1080},{"@type":"BreadcrumbList","@id":"https:\/\/chdr-ns.com\/en\/publications\/#breadcrumb","itemListElement":[{"@type":"ListItem","position":1,"name":"Home","item":"https:\/\/chdr-ns.com\/en\/home-page\/"},{"@type":"ListItem","position":2,"name":"Publications"}]},{"@type":"WebSite","@id":"https:\/\/chdr-ns.com\/en\/#website","url":"https:\/\/chdr-ns.com\/en\/","name":"Centar za istoriju demokratiju i pomirenje-CHDR","description":"CHDR je nevladina, neprofitna i nestrana\u010dka organizacija","publisher":{"@id":"https:\/\/chdr-ns.com\/en\/#organization"},"alternateName":"CHDR","potentialAction":[{"@type":"SearchAction","target":{"@type":"EntryPoint","urlTemplate":"https:\/\/chdr-ns.com\/en\/?s={search_term_string}"},"query-input":{"@type":"PropertyValueSpecification","valueRequired":true,"valueName":"search_term_string"}}],"inLanguage":"en-US"},{"@type":"Organization","@id":"https:\/\/chdr-ns.com\/en\/#organization","name":"Centar za istoriju, demokratiju i pomirenje","alternateName":"CHDR","url":"https:\/\/chdr-ns.com\/en\/","logo":{"@type":"ImageObject","inLanguage":"en-US","@id":"https:\/\/chdr-ns.com\/en\/#\/schema\/logo\/image\/","url":"https:\/\/chdr-ns.com\/wp-content\/uploads\/2023\/02\/chdr-logo-2.png","contentUrl":"https:\/\/chdr-ns.com\/wp-content\/uploads\/2023\/02\/chdr-logo-2.png","width":350,"height":100,"caption":"Centar za istoriju, demokratiju i pomirenje"},"image":{"@id":"https:\/\/chdr-ns.com\/en\/#\/schema\/logo\/image\/"},"sameAs":["https:\/\/www.facebook.com\/centerforhistoryandreconciliation"]}]}},"_links":{"self":[{"href":"https:\/\/chdr-ns.com\/en\/wp-json\/wp\/v2\/pages\/8236","targetHints":{"allow":["GET"]}}],"collection":[{"href":"https:\/\/chdr-ns.com\/en\/wp-json\/wp\/v2\/pages"}],"about":[{"href":"https:\/\/chdr-ns.com\/en\/wp-json\/wp\/v2\/types\/page"}],"author":[{"embeddable":true,"href":"https:\/\/chdr-ns.com\/en\/wp-json\/wp\/v2\/users\/1"}],"replies":[{"embeddable":true,"href":"https:\/\/chdr-ns.com\/en\/wp-json\/wp\/v2\/comments?post=8236"}],"version-history":[{"count":3,"href":"https:\/\/chdr-ns.com\/en\/wp-json\/wp\/v2\/pages\/8236\/revisions"}],"predecessor-version":[{"id":9299,"href":"https:\/\/chdr-ns.com\/en\/wp-json\/wp\/v2\/pages\/8236\/revisions\/9299"}],"wp:featuredmedia":[{"embeddable":true,"href":"https:\/\/chdr-ns.com\/en\/wp-json\/wp\/v2\/media\/8259"}],"wp:attachment":[{"href":"https:\/\/chdr-ns.com\/en\/wp-json\/wp\/v2\/media?parent=8236"}],"curies":[{"name":"wp","href":"https:\/\/api.w.org\/{rel}","templated":true}]}}